{"id":1950,"date":"2025-03-27T14:46:51","date_gmt":"2025-03-27T14:46:51","guid":{"rendered":"https:\/\/belvil.immo\/?page_id=1950"},"modified":"2026-01-20T13:13:59","modified_gmt":"2026-01-20T13:13:59","slug":"referenzen","status":"publish","type":"page","link":"https:\/\/belvil.immo\/nl\/referenzen\/","title":{"rendered":"Referenties"},"content":{"rendered":"\t\t<div data-elementor-type=\"wp-page\" data-elementor-id=\"1950\" class=\"elementor elementor-1950\" data-elementor-post-type=\"page\">\n\t\t\t\t<div class=\"elementor-element elementor-element-3502897 e-flex e-con-boxed e-con e-parent\" data-id=\"3502897\" data-element_type=\"container\" data-e-type=\"container\" data-settings=\"{&quot;background_background&quot;:&quot;classic&quot;}\">\n\t\t\t\t\t<div class=\"e-con-inner\">\n\t\t\t\t<div class=\"elementor-element elementor-element-160b7ba elementor-widget elementor-widget-heading\" data-id=\"160b7ba\" data-element_type=\"widget\" data-e-type=\"widget\" data-widget_type=\"heading.default\">\n\t\t\t\t<div class=\"elementor-widget-container\">\n\t\t\t\t\t<h2 class=\"elementor-heading-title elementor-size-default\">Referenzen<\/h2>\t\t\t\t<\/div>\n\t\t\t\t<\/div>\n\t\t\t\t<div class=\"elementor-element elementor-element-66f0408 elementor-icon-list--layout-inline elementor-align-center elementor-list-item-link-full_width elementor-widget elementor-widget-icon-list\" data-id=\"66f0408\" data-element_type=\"widget\" data-e-type=\"widget\" data-widget_type=\"icon-list.default\">\n\t\t\t\t<div class=\"elementor-widget-container\">\n\t\t\t\t\t\t\t<ul class=\"elementor-icon-list-items elementor-inline-items\">\n\t\t\t\t\t\t\t<li class=\"elementor-icon-list-item elementor-inline-item\">\n\t\t\t\t\t\t\t\t\t\t<span class=\"elementor-icon-list-text\">Home<\/span>\n\t\t\t\t\t\t\t\t\t<\/li>\n\t\t\t\t\t\t\t\t<li class=\"elementor-icon-list-item elementor-inline-item\">\n\t\t\t\t\t\t\t\t\t\t\t<span class=\"elementor-icon-list-icon\">\n\t\t\t\t\t\t\t<i aria-hidden=\"true\" class=\"jki jki-minus-solid\"><\/i>\t\t\t\t\t\t<\/span>\n\t\t\t\t\t\t\t\t\t\t<span class=\"elementor-icon-list-text\">REFERENZEN<\/span>\n\t\t\t\t\t\t\t\t\t<\/li>\n\t\t\t\t\t\t<\/ul>\n\t\t\t\t\t\t<\/div>\n\t\t\t\t<\/div>\n\t\t\t\t\t<\/div>\n\t\t\t\t<\/div>\n\t\t<div class=\"elementor-element elementor-element-7b07e26 e-flex e-con-boxed e-con e-parent\" data-id=\"7b07e26\" data-element_type=\"container\" data-e-type=\"container\">\n\t\t\t\t\t<div class=\"e-con-inner\">\n\t\t\t\t<div class=\"elementor-element elementor-element-46c1b5b elementor-widget elementor-widget-text-editor\" data-id=\"46c1b5b\" data-element_type=\"widget\" data-e-type=\"widget\" data-widget_type=\"text-editor.default\">\n\t\t\t\t<div class=\"elementor-widget-container\">\n\t\t\t\t\t\t\t\t\t<p>Werfen Sie einen Blick auf die von uns bereits erfolgreich vermittelten Immobilien:<\/p>\t\t\t\t\t\t\t\t<\/div>\n\t\t\t\t<\/div>\n\t\t\t\t<div data-frymo-query-id=\"7474\" data-frymo-widget-settings=\"{&quot;post_id&quot;:1950,&quot;widget_id&quot;:&quot;cfd860b&quot;,&quot;query_id&quot;:&quot;7474&quot;,&quot;scrolltop_offset&quot;:100}\" class=\"elementor-element elementor-element-cfd860b elementor-widget elementor-widget-frymo-listing\" data-id=\"cfd860b\" data-element_type=\"widget\" data-e-type=\"widget\" data-widget_type=\"frymo-listing.grid-skin\">\n\t\t\t\t<div class=\"elementor-widget-container\">\n\t\t\t\t\t<div class=\"frymo-listing-toolbar\"><div class=\"frymo-results-count\">Showing 1 to 12 of 140 Properties<\/div><div class=\"frymo-order-switcher\"><select class=\"frymo-orderby-select\" autocomplete=\"off\"><option value=\"default\"  selected='selected' >Default Sorting<\/option><option value=\"price_asc\"  >Price (lowest first)<\/option><option value=\"price_desc\"  >Price (highest first)<\/option><option value=\"rooms_asc\"  >Rooms (lowest first)<\/option><option value=\"rooms_desc\"  >Rooms (highest first)<\/option><option value=\"area_asc\"  >Area (lowest first)<\/option><option value=\"area_desc\"  >Area (highest first)<\/option><option value=\"id_asc\"  >External ID (smallest first)<\/option><option value=\"id_desc\"  >External ID (largest first)<\/option><option value=\"id_internal_asc\"  >Internal ID (smallest first)<\/option><option value=\"id_internal_desc\"  >Internal ID (largest first)<\/option><option value=\"date_asc\"  >Published Date (newest first)<\/option><option value=\"date_desc\"  >Published Date (oldest first)<\/option><option value=\"last_updated_asc\"  >Data Updated (newest first)<\/option><option value=\"last_updated_desc\"  >Data Updated (oldest first)<\/option><\/select><\/div><\/div><div class=\"frymo-listing frymo-listing-grid-skin \" data-settings=\"{&quot;post_id&quot;:1950,&quot;widget_id&quot;:&quot;cfd860b&quot;,&quot;query_id&quot;:&quot;7474&quot;,&quot;scrolltop_offset&quot;:100}\"><script type=\"application\/ld+json\">{\"@context\":\"https:\/\/schema.org\",\"@type\":\"ItemList\",\"itemListElement\":[{\"@type\":\"ListItem\",\"position\":1,\"name\":\"Bungalow zu verkaufen\",\"url\":\"https:\/\/belvil.immo\/nl\/immobilie\/bungalow-zu-verkaufen\/\"},{\"@type\":\"ListItem\",\"position\":2,\"name\":\"Bungalow zu verkaufen in Eupen\",\"url\":\"https:\/\/belvil.immo\/nl\/immobilie\/bungalow-zu-verkaufen-in-eupen\/\"},{\"@type\":\"ListItem\",\"position\":3,\"name\":\"Grundst\u00fcck zu verkaufen in der n\u00e4he vom Eupener Zentrum\",\"url\":\"https:\/\/belvil.immo\/nl\/immobilie\/grundstueck-zu-verkaufen-in-der-naehe-vom-eupener-zentrum\/\"},{\"@type\":\"ListItem\",\"position\":4,\"name\":\"Haus auf leibrente\",\"url\":\"https:\/\/belvil.immo\/nl\/immobilie\/haus-auf-leibrente\/\"},{\"@type\":\"ListItem\",\"position\":5,\"name\":\"Charmantes Haus in Top-Lage von Eupen zu verkaufen\",\"url\":\"https:\/\/belvil.immo\/nl\/immobilie\/charmantes-haus-in-top-lage-von-eupen-zu-verkaufen\/\"},{\"@type\":\"ListItem\",\"position\":6,\"name\":\"Neubau Wohnung zu verkaufen\",\"url\":\"https:\/\/belvil.immo\/nl\/immobilie\/neubau-wohnung-zu-verkaufen-5\/\"},{\"@type\":\"ListItem\",\"position\":7,\"name\":\"Neubau Wohnung zu verkaufen\",\"url\":\"https:\/\/belvil.immo\/nl\/immobilie\/neubau-wohnung-zu-verkaufen-6\/\"},{\"@type\":\"ListItem\",\"position\":8,\"name\":\"Neubau Wohnung zu verkaufen\",\"url\":\"https:\/\/belvil.immo\/nl\/immobilie\/neubau-wohnung-zu-verkaufen-7\/\"},{\"@type\":\"ListItem\",\"position\":9,\"name\":\"Neubau Wohnung zu verkaufen\",\"url\":\"https:\/\/belvil.immo\/nl\/immobilie\/neubau-wohnung-zu-verkaufen-8\/\"},{\"@type\":\"ListItem\",\"position\":10,\"name\":\"Neubau Wohnung zu verkaufen\",\"url\":\"https:\/\/belvil.immo\/nl\/immobilie\/neubau-wohnung-zu-verkaufen-9\/\"},{\"@type\":\"ListItem\",\"position\":11,\"name\":\"Neubau Wohnung zu verkaufen\",\"url\":\"https:\/\/belvil.immo\/nl\/immobilie\/neubau-wohnung-zu-verkaufen-12\/\"},{\"@type\":\"ListItem\",\"position\":12,\"name\":\"Neubau Wohnung zu verkaufen\",\"url\":\"https:\/\/belvil.immo\/nl\/immobilie\/neubau-wohnung-zu-verkaufen-13\/\"}]}<\/script><article class=\"frymo-listing-item post-id-715\"><a class=\"frymo-listing-image image-hover\" href=\"https:\/\/belvil.immo\/nl\/immobilie\/bungalow-zu-verkaufen\/\" aria-label=\"Bungalow zu verkaufen\"><div class=\"frymo-listing-badges\"><div class=\"frymo-listing-badge badge-status badge-verkauft\">Verkauft<\/div><\/div><div class=\"frymo-listing-image-wrapper\"><img fetchpriority=\"high\" width=\"768\" height=\"512\" src=\"https:\/\/belvil.immo\/wp-content\/uploads\/2025\/02\/4189a46d-4223-4f1b-a1e2-3b797f29c7c9-768x512.jpg\" class=\"attachment-medium_large size-medium_large wp-post-image\" alt=\"0_dsc07787\" loading=\"eager\" decoding=\"async\" fetchpriority=\"high\" srcset=\"https:\/\/belvil.immo\/wp-content\/uploads\/2025\/02\/4189a46d-4223-4f1b-a1e2-3b797f29c7c9-768x512.jpg 768w, https:\/\/belvil.immo\/wp-content\/uploads\/2025\/02\/4189a46d-4223-4f1b-a1e2-3b797f29c7c9-300x200.jpg 300w, https:\/\/belvil.immo\/wp-content\/uploads\/2025\/02\/4189a46d-4223-4f1b-a1e2-3b797f29c7c9-1024x683.jpg 1024w, https:\/\/belvil.immo\/wp-content\/uploads\/2025\/02\/4189a46d-4223-4f1b-a1e2-3b797f29c7c9-1536x1024.jpg 1536w, https:\/\/belvil.immo\/wp-content\/uploads\/2025\/02\/4189a46d-4223-4f1b-a1e2-3b797f29c7c9.jpg 1620w\" sizes=\"(max-width: 768px) 100vw, 768px\" \/><\/div><\/a><div class=\"frymo-listing-content\"><h3 class='frymo-listing-title'><a href=\"https:\/\/belvil.immo\/nl\/immobilie\/bungalow-zu-verkaufen\/\" aria-label=\"Bungalow zu verkaufen\">Bungalow zu verkaufen<\/a><\/h3><div class=\"frymo-listing-location\"><i class=\"frymo-icon frymo-icon-location-2\"><\/i>Hauset<\/div><div class=\"frymo-listing-meta\"><span class=\"frymo-listing-meta-item frymo-listing-area \" data-frymo-tooltip=\"Wohnfl\u00e4che ca.\"><i class=\"frymo-icon frymo-icon-flaeche\"><\/i><div class=\"frymo-listing-meta-item-value\">108 m\u00b2<\/div><\/span><span class=\"frymo-listing-meta-item frymo-listing-bedrooms \" data-frymo-tooltip=\"Schlafzimmer\"><i class=\"frymo-icon frymo-icon-betten\"><\/i><div class=\"frymo-listing-meta-item-value\">2<\/div><\/span><span class=\"frymo-listing-meta-item frymo-listing-rooms \" data-frymo-tooltip=\"Zimmer\"><i class=\"frymo-icon frymo-icon-raum\"><\/i><div class=\"frymo-listing-meta-item-value\">3<\/div><\/span><span class=\"frymo-listing-meta-item frymo-listing-bathrooms \" data-frymo-tooltip=\"Badezimmer\"><i class=\"frymo-icon frymo-icon-bad\"><\/i><div class=\"frymo-listing-meta-item-value\">1<\/div><\/span><\/div><\/div><\/article><article class=\"frymo-listing-item post-id-749\"><a class=\"frymo-listing-image image-hover\" href=\"https:\/\/belvil.immo\/nl\/immobilie\/bungalow-zu-verkaufen-in-eupen\/\" aria-label=\"Bungalow zu verkaufen in Eupen\"><div class=\"frymo-listing-badges\"><div class=\"frymo-listing-badge badge-status badge-verkauft\">Verkauft<\/div><\/div><div class=\"frymo-listing-image-wrapper\"><img fetchpriority=\"high\" width=\"768\" height=\"512\" src=\"https:\/\/belvil.immo\/wp-content\/uploads\/2025\/02\/5044b60d-91a1-4ef1-aeb3-80707a81c13d-768x512.jpg\" class=\"attachment-medium_large size-medium_large wp-post-image\" alt=\"dsc00242\" loading=\"eager\" decoding=\"async\" fetchpriority=\"high\" srcset=\"https:\/\/belvil.immo\/wp-content\/uploads\/2025\/02\/5044b60d-91a1-4ef1-aeb3-80707a81c13d-768x512.jpg 768w, https:\/\/belvil.immo\/wp-content\/uploads\/2025\/02\/5044b60d-91a1-4ef1-aeb3-80707a81c13d-300x200.jpg 300w, https:\/\/belvil.immo\/wp-content\/uploads\/2025\/02\/5044b60d-91a1-4ef1-aeb3-80707a81c13d-1024x683.jpg 1024w, https:\/\/belvil.immo\/wp-content\/uploads\/2025\/02\/5044b60d-91a1-4ef1-aeb3-80707a81c13d.jpg 1200w\" sizes=\"(max-width: 768px) 100vw, 768px\" \/><\/div><\/a><div class=\"frymo-listing-content\"><h3 class='frymo-listing-title'><a href=\"https:\/\/belvil.immo\/nl\/immobilie\/bungalow-zu-verkaufen-in-eupen\/\" aria-label=\"Bungalow zu verkaufen in Eupen\">Bungalow zu verkaufen in Eupen<\/a><\/h3><div class=\"frymo-listing-location\"><i class=\"frymo-icon frymo-icon-location-2\"><\/i>Eupen<\/div><div class=\"frymo-listing-meta\"><span class=\"frymo-listing-meta-item frymo-listing-area \" data-frymo-tooltip=\"Wohnfl\u00e4che ca.\"><i class=\"frymo-icon frymo-icon-flaeche\"><\/i><div class=\"frymo-listing-meta-item-value\">144 m\u00b2<\/div><\/span><span class=\"frymo-listing-meta-item frymo-listing-bedrooms \" data-frymo-tooltip=\"Schlafzimmer\"><i class=\"frymo-icon frymo-icon-betten\"><\/i><div class=\"frymo-listing-meta-item-value\">3<\/div><\/span><span class=\"frymo-listing-meta-item frymo-listing-rooms \" data-frymo-tooltip=\"Zimmer\"><i class=\"frymo-icon frymo-icon-raum\"><\/i><div class=\"frymo-listing-meta-item-value\">4<\/div><\/span><span class=\"frymo-listing-meta-item frymo-listing-bathrooms \" data-frymo-tooltip=\"Badezimmer\"><i class=\"frymo-icon frymo-icon-bad\"><\/i><div class=\"frymo-listing-meta-item-value\">2<\/div><\/span><span class=\"frymo-listing-meta-item frymo-listing-ground_area \" data-frymo-tooltip=\"Grundst\u00fccksfl\u00e4che ca.\"><i class=\"frymo-icon frymo-icon-grundstuecksflaeche\"><\/i><div class=\"frymo-listing-meta-item-value\">540 m\u00b2<\/div><\/span><\/div><\/div><\/article><article class=\"frymo-listing-item post-id-829\"><a class=\"frymo-listing-image image-hover\" href=\"https:\/\/belvil.immo\/nl\/immobilie\/grundstueck-zu-verkaufen-in-der-naehe-vom-eupener-zentrum\/\" aria-label=\"Grundst\u00fcck zu verkaufen in der n\u00e4he vom Eupener Zentrum\"><div class=\"frymo-listing-badges\"><div class=\"frymo-listing-badge badge-status badge-verkauft\">Verkauft<\/div><\/div><div class=\"frymo-listing-image-wrapper\"><img loading=\"lazy\" width=\"763\" height=\"685\" src=\"https:\/\/belvil.immo\/wp-content\/uploads\/2025\/02\/6cffedab-a081-48ee-adcb-a75f9c6152d2.jpg\" class=\"attachment-medium_large size-medium_large wp-post-image\" alt=\"lot 1\" loading=\"lazy\" decoding=\"async\" srcset=\"https:\/\/belvil.immo\/wp-content\/uploads\/2025\/02\/6cffedab-a081-48ee-adcb-a75f9c6152d2.jpg 763w, https:\/\/belvil.immo\/wp-content\/uploads\/2025\/02\/6cffedab-a081-48ee-adcb-a75f9c6152d2-300x269.jpg 300w\" sizes=\"auto, (max-width: 763px) 100vw, 763px\" \/><\/div><\/a><div class=\"frymo-listing-content\"><h3 class='frymo-listing-title'><a href=\"https:\/\/belvil.immo\/nl\/immobilie\/grundstueck-zu-verkaufen-in-der-naehe-vom-eupener-zentrum\/\" aria-label=\"Grundst\u00fcck zu verkaufen in der n\u00e4he vom Eupener Zentrum\">Grundst\u00fcck zu verkaufen in der n\u00e4he vom Eupener Zentrum<\/a><\/h3><div class=\"frymo-listing-location\"><i class=\"frymo-icon frymo-icon-location-2\"><\/i>Eupen<\/div><div class=\"frymo-listing-meta\"><span class=\"frymo-listing-meta-item frymo-listing-ground_area \" data-frymo-tooltip=\"Grundst\u00fccksfl\u00e4che ca.\"><i class=\"frymo-icon frymo-icon-grundstuecksflaeche\"><\/i><div class=\"frymo-listing-meta-item-value\">1.264 m\u00b2<\/div><\/span><\/div><\/div><\/article><article class=\"frymo-listing-item post-id-844\"><a class=\"frymo-listing-image image-hover\" href=\"https:\/\/belvil.immo\/nl\/immobilie\/haus-auf-leibrente\/\" aria-label=\"Haus auf leibrente\"><div class=\"frymo-listing-badges\"><div class=\"frymo-listing-badge badge-status badge-verkauft\">Verkauft<\/div><\/div><div class=\"frymo-listing-image-wrapper\"><img loading=\"lazy\" width=\"768\" height=\"512\" src=\"https:\/\/belvil.immo\/wp-content\/uploads\/2025\/02\/98665aa5-353e-48ea-aea8-803836b0543c-768x512.jpg\" class=\"attachment-medium_large size-medium_large wp-post-image\" alt=\"0_dsc04336\" loading=\"lazy\" decoding=\"async\" srcset=\"https:\/\/belvil.immo\/wp-content\/uploads\/2025\/02\/98665aa5-353e-48ea-aea8-803836b0543c-768x512.jpg 768w, https:\/\/belvil.immo\/wp-content\/uploads\/2025\/02\/98665aa5-353e-48ea-aea8-803836b0543c-300x200.jpg 300w, https:\/\/belvil.immo\/wp-content\/uploads\/2025\/02\/98665aa5-353e-48ea-aea8-803836b0543c-1024x683.jpg 1024w, https:\/\/belvil.immo\/wp-content\/uploads\/2025\/02\/98665aa5-353e-48ea-aea8-803836b0543c-1536x1025.jpg 1536w, https:\/\/belvil.immo\/wp-content\/uploads\/2025\/02\/98665aa5-353e-48ea-aea8-803836b0543c.jpg 1619w\" sizes=\"auto, (max-width: 768px) 100vw, 768px\" \/><\/div><\/a><div class=\"frymo-listing-content\"><h3 class='frymo-listing-title'><a href=\"https:\/\/belvil.immo\/nl\/immobilie\/haus-auf-leibrente\/\" aria-label=\"Haus auf leibrente\">Haus auf leibrente<\/a><\/h3><div class=\"frymo-listing-location\"><i class=\"frymo-icon frymo-icon-location-2\"><\/i>Stembert<\/div><div class=\"frymo-listing-meta\"><span class=\"frymo-listing-meta-item frymo-listing-area \" data-frymo-tooltip=\"Wohnfl\u00e4che ca.\"><i class=\"frymo-icon frymo-icon-flaeche\"><\/i><div class=\"frymo-listing-meta-item-value\">122 m\u00b2<\/div><\/span><span class=\"frymo-listing-meta-item frymo-listing-bedrooms \" data-frymo-tooltip=\"Schlafzimmer\"><i class=\"frymo-icon frymo-icon-betten\"><\/i><div class=\"frymo-listing-meta-item-value\">4<\/div><\/span><span class=\"frymo-listing-meta-item frymo-listing-rooms \" data-frymo-tooltip=\"Zimmer\"><i class=\"frymo-icon frymo-icon-raum\"><\/i><div class=\"frymo-listing-meta-item-value\">5<\/div><\/span><span class=\"frymo-listing-meta-item frymo-listing-bathrooms \" data-frymo-tooltip=\"Badezimmer\"><i class=\"frymo-icon frymo-icon-bad\"><\/i><div class=\"frymo-listing-meta-item-value\">1<\/div><\/span><span class=\"frymo-listing-meta-item frymo-listing-ground_area \" data-frymo-tooltip=\"Grundst\u00fccksfl\u00e4che ca.\"><i class=\"frymo-icon frymo-icon-grundstuecksflaeche\"><\/i><div class=\"frymo-listing-meta-item-value\">90 m\u00b2<\/div><\/span><\/div><\/div><\/article><article class=\"frymo-listing-item post-id-876\"><a class=\"frymo-listing-image image-hover\" href=\"https:\/\/belvil.immo\/nl\/immobilie\/charmantes-haus-in-top-lage-von-eupen-zu-verkaufen\/\" aria-label=\"Charmantes Haus in Top-Lage von Eupen zu verkaufen\"><div class=\"frymo-listing-badges\"><div class=\"frymo-listing-badge badge-status badge-verkauft\">Verkauft<\/div><\/div><div class=\"frymo-listing-image-wrapper\"><img loading=\"lazy\" width=\"768\" height=\"512\" src=\"https:\/\/belvil.immo\/wp-content\/uploads\/2025\/02\/c72ad50b-877b-45d2-b898-2dd366fdc240-768x512.jpg\" class=\"attachment-medium_large size-medium_large wp-post-image\" alt=\"dsc03794\" loading=\"lazy\" decoding=\"async\" srcset=\"https:\/\/belvil.immo\/wp-content\/uploads\/2025\/02\/c72ad50b-877b-45d2-b898-2dd366fdc240-768x512.jpg 768w, https:\/\/belvil.immo\/wp-content\/uploads\/2025\/02\/c72ad50b-877b-45d2-b898-2dd366fdc240-300x200.jpg 300w, https:\/\/belvil.immo\/wp-content\/uploads\/2025\/02\/c72ad50b-877b-45d2-b898-2dd366fdc240-1024x683.jpg 1024w, https:\/\/belvil.immo\/wp-content\/uploads\/2025\/02\/c72ad50b-877b-45d2-b898-2dd366fdc240-1536x1024.jpg 1536w, https:\/\/belvil.immo\/wp-content\/uploads\/2025\/02\/c72ad50b-877b-45d2-b898-2dd366fdc240.jpg 1620w\" sizes=\"auto, (max-width: 768px) 100vw, 768px\" \/><\/div><\/a><div class=\"frymo-listing-content\"><h3 class='frymo-listing-title'><a href=\"https:\/\/belvil.immo\/nl\/immobilie\/charmantes-haus-in-top-lage-von-eupen-zu-verkaufen\/\" aria-label=\"Charmantes Haus in Top-Lage von Eupen zu verkaufen\">Charmantes Haus in Top-Lage von Eupen zu verkaufen<\/a><\/h3><div class=\"frymo-listing-location\"><i class=\"frymo-icon frymo-icon-location-2\"><\/i>Eupen<\/div><div class=\"frymo-listing-meta\"><span class=\"frymo-listing-meta-item frymo-listing-area \" data-frymo-tooltip=\"Wohnfl\u00e4che ca.\"><i class=\"frymo-icon frymo-icon-flaeche\"><\/i><div class=\"frymo-listing-meta-item-value\">150 m\u00b2<\/div><\/span><span class=\"frymo-listing-meta-item frymo-listing-bedrooms \" data-frymo-tooltip=\"Schlafzimmer\"><i class=\"frymo-icon frymo-icon-betten\"><\/i><div class=\"frymo-listing-meta-item-value\">3<\/div><\/span><span class=\"frymo-listing-meta-item frymo-listing-rooms \" data-frymo-tooltip=\"Zimmer\"><i class=\"frymo-icon frymo-icon-raum\"><\/i><div class=\"frymo-listing-meta-item-value\">4<\/div><\/span><span class=\"frymo-listing-meta-item frymo-listing-bathrooms \" data-frymo-tooltip=\"Badezimmer\"><i class=\"frymo-icon frymo-icon-bad\"><\/i><div class=\"frymo-listing-meta-item-value\">1<\/div><\/span><span class=\"frymo-listing-meta-item frymo-listing-ground_area \" data-frymo-tooltip=\"Grundst\u00fccksfl\u00e4che ca.\"><i class=\"frymo-icon frymo-icon-grundstuecksflaeche\"><\/i><div class=\"frymo-listing-meta-item-value\">643 m\u00b2<\/div><\/span><\/div><\/div><\/article><article class=\"frymo-listing-item post-id-1082\"><a class=\"frymo-listing-image image-hover\" href=\"https:\/\/belvil.immo\/nl\/immobilie\/neubau-wohnung-zu-verkaufen-5\/\" aria-label=\"Neubau Wohnung zu verkaufen\"><div class=\"frymo-listing-badges\"><div class=\"frymo-listing-badge badge-status badge-verkauft\">Verkauft<\/div><\/div><div class=\"frymo-listing-image-wrapper\"><img loading=\"lazy\" width=\"768\" height=\"549\" src=\"https:\/\/belvil.immo\/wp-content\/uploads\/2025\/02\/2059-768x549.jpg\" class=\"attachment-medium_large size-medium_large wp-post-image\" alt=\"Image 3D batiment\" loading=\"lazy\" decoding=\"async\" srcset=\"https:\/\/belvil.immo\/wp-content\/uploads\/2025\/02\/2059-768x549.jpg 768w, https:\/\/belvil.immo\/wp-content\/uploads\/2025\/02\/2059-300x214.jpg 300w, https:\/\/belvil.immo\/wp-content\/uploads\/2025\/02\/2059-1024x732.jpg 1024w, https:\/\/belvil.immo\/wp-content\/uploads\/2025\/02\/2059.jpg 1051w\" sizes=\"auto, (max-width: 768px) 100vw, 768px\" \/><\/div><\/a><div class=\"frymo-listing-content\"><h3 class='frymo-listing-title'><a href=\"https:\/\/belvil.immo\/nl\/immobilie\/neubau-wohnung-zu-verkaufen-5\/\" aria-label=\"Neubau Wohnung zu verkaufen\">Neubau Wohnung zu verkaufen<\/a><\/h3><div class=\"frymo-listing-location\"><i class=\"frymo-icon frymo-icon-location-2\"><\/i>Welkenraedt<\/div><div class=\"frymo-listing-meta\"><span class=\"frymo-listing-meta-item frymo-listing-area \" data-frymo-tooltip=\"Wohnfl\u00e4che ca.\"><i class=\"frymo-icon frymo-icon-flaeche\"><\/i><div class=\"frymo-listing-meta-item-value\">118,5 m\u00b2<\/div><\/span><span class=\"frymo-listing-meta-item frymo-listing-bedrooms \" data-frymo-tooltip=\"Schlafzimmer\"><i class=\"frymo-icon frymo-icon-betten\"><\/i><div class=\"frymo-listing-meta-item-value\">2<\/div><\/span><span class=\"frymo-listing-meta-item frymo-listing-rooms \" data-frymo-tooltip=\"Zimmer\"><i class=\"frymo-icon frymo-icon-raum\"><\/i><div class=\"frymo-listing-meta-item-value\">3<\/div><\/span><span class=\"frymo-listing-meta-item frymo-listing-bathrooms \" data-frymo-tooltip=\"Badezimmer\"><i class=\"frymo-icon frymo-icon-bad\"><\/i><div class=\"frymo-listing-meta-item-value\">1<\/div><\/span><\/div><\/div><\/article><article class=\"frymo-listing-item post-id-1088\"><a class=\"frymo-listing-image image-hover\" href=\"https:\/\/belvil.immo\/nl\/immobilie\/neubau-wohnung-zu-verkaufen-6\/\" aria-label=\"Neubau Wohnung zu verkaufen\"><div class=\"frymo-listing-badges\"><div class=\"frymo-listing-badge badge-status badge-verkauft\">Verkauft<\/div><\/div><div class=\"frymo-listing-image-wrapper\"><img loading=\"lazy\" width=\"768\" height=\"549\" src=\"https:\/\/belvil.immo\/wp-content\/uploads\/2025\/02\/2071-768x549.jpg\" class=\"attachment-medium_large size-medium_large wp-post-image\" alt=\"Image 3D batiment\" loading=\"lazy\" decoding=\"async\" srcset=\"https:\/\/belvil.immo\/wp-content\/uploads\/2025\/02\/2071-768x549.jpg 768w, https:\/\/belvil.immo\/wp-content\/uploads\/2025\/02\/2071-300x214.jpg 300w, https:\/\/belvil.immo\/wp-content\/uploads\/2025\/02\/2071-1024x732.jpg 1024w, https:\/\/belvil.immo\/wp-content\/uploads\/2025\/02\/2071.jpg 1051w\" sizes=\"auto, (max-width: 768px) 100vw, 768px\" \/><\/div><\/a><div class=\"frymo-listing-content\"><h3 class='frymo-listing-title'><a href=\"https:\/\/belvil.immo\/nl\/immobilie\/neubau-wohnung-zu-verkaufen-6\/\" aria-label=\"Neubau Wohnung zu verkaufen\">Neubau Wohnung zu verkaufen<\/a><\/h3><div class=\"frymo-listing-location\"><i class=\"frymo-icon frymo-icon-location-2\"><\/i>Welkenraedt<\/div><div class=\"frymo-listing-meta\"><span class=\"frymo-listing-meta-item frymo-listing-area \" data-frymo-tooltip=\"Wohnfl\u00e4che ca.\"><i class=\"frymo-icon frymo-icon-flaeche\"><\/i><div class=\"frymo-listing-meta-item-value\">118 m\u00b2<\/div><\/span><span class=\"frymo-listing-meta-item frymo-listing-bedrooms \" data-frymo-tooltip=\"Schlafzimmer\"><i class=\"frymo-icon frymo-icon-betten\"><\/i><div class=\"frymo-listing-meta-item-value\">2<\/div><\/span><span class=\"frymo-listing-meta-item frymo-listing-rooms \" data-frymo-tooltip=\"Zimmer\"><i class=\"frymo-icon frymo-icon-raum\"><\/i><div class=\"frymo-listing-meta-item-value\">3<\/div><\/span><span class=\"frymo-listing-meta-item frymo-listing-bathrooms \" data-frymo-tooltip=\"Badezimmer\"><i class=\"frymo-icon frymo-icon-bad\"><\/i><div class=\"frymo-listing-meta-item-value\">1<\/div><\/span><\/div><\/div><\/article><article class=\"frymo-listing-item post-id-1094\"><a class=\"frymo-listing-image image-hover\" href=\"https:\/\/belvil.immo\/nl\/immobilie\/neubau-wohnung-zu-verkaufen-7\/\" aria-label=\"Neubau Wohnung zu verkaufen\"><div class=\"frymo-listing-badges\"><div class=\"frymo-listing-badge badge-status badge-verkauft\">Verkauft<\/div><\/div><div class=\"frymo-listing-image-wrapper\"><img loading=\"lazy\" width=\"768\" height=\"549\" src=\"https:\/\/belvil.immo\/wp-content\/uploads\/2025\/02\/2083-768x549.jpg\" class=\"attachment-medium_large size-medium_large wp-post-image\" alt=\"Image 3D batiment\" loading=\"lazy\" decoding=\"async\" srcset=\"https:\/\/belvil.immo\/wp-content\/uploads\/2025\/02\/2083-768x549.jpg 768w, https:\/\/belvil.immo\/wp-content\/uploads\/2025\/02\/2083-300x214.jpg 300w, https:\/\/belvil.immo\/wp-content\/uploads\/2025\/02\/2083-1024x732.jpg 1024w, https:\/\/belvil.immo\/wp-content\/uploads\/2025\/02\/2083.jpg 1051w\" sizes=\"auto, (max-width: 768px) 100vw, 768px\" \/><\/div><\/a><div class=\"frymo-listing-content\"><h3 class='frymo-listing-title'><a href=\"https:\/\/belvil.immo\/nl\/immobilie\/neubau-wohnung-zu-verkaufen-7\/\" aria-label=\"Neubau Wohnung zu verkaufen\">Neubau Wohnung zu verkaufen<\/a><\/h3><div class=\"frymo-listing-location\"><i class=\"frymo-icon frymo-icon-location-2\"><\/i>Welkenraedt<\/div><div class=\"frymo-listing-meta\"><span class=\"frymo-listing-meta-item frymo-listing-area \" data-frymo-tooltip=\"Wohnfl\u00e4che ca.\"><i class=\"frymo-icon frymo-icon-flaeche\"><\/i><div class=\"frymo-listing-meta-item-value\">98 m\u00b2<\/div><\/span><span class=\"frymo-listing-meta-item frymo-listing-bedrooms \" data-frymo-tooltip=\"Schlafzimmer\"><i class=\"frymo-icon frymo-icon-betten\"><\/i><div class=\"frymo-listing-meta-item-value\">3<\/div><\/span><span class=\"frymo-listing-meta-item frymo-listing-rooms \" data-frymo-tooltip=\"Zimmer\"><i class=\"frymo-icon frymo-icon-raum\"><\/i><div class=\"frymo-listing-meta-item-value\">4<\/div><\/span><span class=\"frymo-listing-meta-item frymo-listing-bathrooms \" data-frymo-tooltip=\"Badezimmer\"><i class=\"frymo-icon frymo-icon-bad\"><\/i><div class=\"frymo-listing-meta-item-value\">1<\/div><\/span><\/div><\/div><\/article><article class=\"frymo-listing-item post-id-1100\"><a class=\"frymo-listing-image image-hover\" href=\"https:\/\/belvil.immo\/nl\/immobilie\/neubau-wohnung-zu-verkaufen-8\/\" aria-label=\"Neubau Wohnung zu verkaufen\"><div class=\"frymo-listing-badges\"><div class=\"frymo-listing-badge badge-status badge-verkauft\">Verkauft<\/div><\/div><div class=\"frymo-listing-image-wrapper\"><img loading=\"lazy\" width=\"768\" height=\"410\" src=\"https:\/\/belvil.immo\/wp-content\/uploads\/2025\/02\/3f7e3388-0ff0-4bf6-aa37-4ae4e1473af4-768x410.jpg\" class=\"attachment-medium_large size-medium_large wp-post-image\" alt=\"facade lot 8\" loading=\"lazy\" decoding=\"async\" srcset=\"https:\/\/belvil.immo\/wp-content\/uploads\/2025\/02\/3f7e3388-0ff0-4bf6-aa37-4ae4e1473af4-768x410.jpg 768w, https:\/\/belvil.immo\/wp-content\/uploads\/2025\/02\/3f7e3388-0ff0-4bf6-aa37-4ae4e1473af4-300x160.jpg 300w, https:\/\/belvil.immo\/wp-content\/uploads\/2025\/02\/3f7e3388-0ff0-4bf6-aa37-4ae4e1473af4-1024x547.jpg 1024w, https:\/\/belvil.immo\/wp-content\/uploads\/2025\/02\/3f7e3388-0ff0-4bf6-aa37-4ae4e1473af4-1536x821.jpg 1536w, https:\/\/belvil.immo\/wp-content\/uploads\/2025\/02\/3f7e3388-0ff0-4bf6-aa37-4ae4e1473af4.jpg 1563w\" sizes=\"auto, (max-width: 768px) 100vw, 768px\" \/><\/div><\/a><div class=\"frymo-listing-content\"><h3 class='frymo-listing-title'><a href=\"https:\/\/belvil.immo\/nl\/immobilie\/neubau-wohnung-zu-verkaufen-8\/\" aria-label=\"Neubau Wohnung zu verkaufen\">Neubau Wohnung zu verkaufen<\/a><\/h3><div class=\"frymo-listing-location\"><i class=\"frymo-icon frymo-icon-location-2\"><\/i>Lontzen<\/div><div class=\"frymo-listing-meta\"><span class=\"frymo-listing-meta-item frymo-listing-area \" data-frymo-tooltip=\"Wohnfl\u00e4che ca.\"><i class=\"frymo-icon frymo-icon-flaeche\"><\/i><div class=\"frymo-listing-meta-item-value\">103 m\u00b2<\/div><\/span><span class=\"frymo-listing-meta-item frymo-listing-bedrooms \" data-frymo-tooltip=\"Schlafzimmer\"><i class=\"frymo-icon frymo-icon-betten\"><\/i><div class=\"frymo-listing-meta-item-value\">2<\/div><\/span><span class=\"frymo-listing-meta-item frymo-listing-rooms \" data-frymo-tooltip=\"Zimmer\"><i class=\"frymo-icon frymo-icon-raum\"><\/i><div class=\"frymo-listing-meta-item-value\">3<\/div><\/span><span class=\"frymo-listing-meta-item frymo-listing-bathrooms \" data-frymo-tooltip=\"Badezimmer\"><i class=\"frymo-icon frymo-icon-bad\"><\/i><div class=\"frymo-listing-meta-item-value\">1<\/div><\/span><\/div><\/div><\/article><article class=\"frymo-listing-item post-id-1106\"><a class=\"frymo-listing-image image-hover\" href=\"https:\/\/belvil.immo\/nl\/immobilie\/neubau-wohnung-zu-verkaufen-9\/\" aria-label=\"Neubau Wohnung zu verkaufen\"><div class=\"frymo-listing-badges\"><div class=\"frymo-listing-badge badge-status badge-verkauft\">Verkauft<\/div><\/div><div class=\"frymo-listing-image-wrapper\"><img loading=\"lazy\" width=\"768\" height=\"410\" src=\"https:\/\/belvil.immo\/wp-content\/uploads\/2025\/02\/3ec5b8a3-2baa-4855-a1c1-11a8a5166fa8-768x410.jpg\" class=\"attachment-medium_large size-medium_large wp-post-image\" alt=\"facade lot 7\" loading=\"lazy\" decoding=\"async\" srcset=\"https:\/\/belvil.immo\/wp-content\/uploads\/2025\/02\/3ec5b8a3-2baa-4855-a1c1-11a8a5166fa8-768x410.jpg 768w, https:\/\/belvil.immo\/wp-content\/uploads\/2025\/02\/3ec5b8a3-2baa-4855-a1c1-11a8a5166fa8-300x160.jpg 300w, https:\/\/belvil.immo\/wp-content\/uploads\/2025\/02\/3ec5b8a3-2baa-4855-a1c1-11a8a5166fa8-1024x547.jpg 1024w, https:\/\/belvil.immo\/wp-content\/uploads\/2025\/02\/3ec5b8a3-2baa-4855-a1c1-11a8a5166fa8-1536x821.jpg 1536w, https:\/\/belvil.immo\/wp-content\/uploads\/2025\/02\/3ec5b8a3-2baa-4855-a1c1-11a8a5166fa8.jpg 1563w\" sizes=\"auto, (max-width: 768px) 100vw, 768px\" \/><\/div><\/a><div class=\"frymo-listing-content\"><h3 class='frymo-listing-title'><a href=\"https:\/\/belvil.immo\/nl\/immobilie\/neubau-wohnung-zu-verkaufen-9\/\" aria-label=\"Neubau Wohnung zu verkaufen\">Neubau Wohnung zu verkaufen<\/a><\/h3><div class=\"frymo-listing-location\"><i class=\"frymo-icon frymo-icon-location-2\"><\/i>Lontzen<\/div><div class=\"frymo-listing-meta\"><span class=\"frymo-listing-meta-item frymo-listing-area \" data-frymo-tooltip=\"Wohnfl\u00e4che ca.\"><i class=\"frymo-icon frymo-icon-flaeche\"><\/i><div class=\"frymo-listing-meta-item-value\">117 m\u00b2<\/div><\/span><span class=\"frymo-listing-meta-item frymo-listing-bedrooms \" data-frymo-tooltip=\"Schlafzimmer\"><i class=\"frymo-icon frymo-icon-betten\"><\/i><div class=\"frymo-listing-meta-item-value\">2<\/div><\/span><span class=\"frymo-listing-meta-item frymo-listing-rooms \" data-frymo-tooltip=\"Zimmer\"><i class=\"frymo-icon frymo-icon-raum\"><\/i><div class=\"frymo-listing-meta-item-value\">3<\/div><\/span><span class=\"frymo-listing-meta-item frymo-listing-bathrooms \" data-frymo-tooltip=\"Badezimmer\"><i class=\"frymo-icon frymo-icon-bad\"><\/i><div class=\"frymo-listing-meta-item-value\">1<\/div><\/span><\/div><\/div><\/article><article class=\"frymo-listing-item post-id-1130\"><a class=\"frymo-listing-image image-hover\" href=\"https:\/\/belvil.immo\/nl\/immobilie\/neubau-wohnung-zu-verkaufen-12\/\" aria-label=\"Neubau Wohnung zu verkaufen\"><div class=\"frymo-listing-badges\"><div class=\"frymo-listing-badge badge-status badge-verkauft\">Verkauft<\/div><\/div><div class=\"frymo-listing-image-wrapper\"><img loading=\"lazy\" width=\"768\" height=\"410\" src=\"https:\/\/belvil.immo\/wp-content\/uploads\/2025\/02\/ec539f4e-03c9-43c7-a401-e5360095b0f6-768x410.jpg\" class=\"attachment-medium_large size-medium_large wp-post-image\" alt=\"facade lot 1\" loading=\"lazy\" decoding=\"async\" srcset=\"https:\/\/belvil.immo\/wp-content\/uploads\/2025\/02\/ec539f4e-03c9-43c7-a401-e5360095b0f6-768x410.jpg 768w, https:\/\/belvil.immo\/wp-content\/uploads\/2025\/02\/ec539f4e-03c9-43c7-a401-e5360095b0f6-300x160.jpg 300w, https:\/\/belvil.immo\/wp-content\/uploads\/2025\/02\/ec539f4e-03c9-43c7-a401-e5360095b0f6-1024x547.jpg 1024w, https:\/\/belvil.immo\/wp-content\/uploads\/2025\/02\/ec539f4e-03c9-43c7-a401-e5360095b0f6-1536x821.jpg 1536w, https:\/\/belvil.immo\/wp-content\/uploads\/2025\/02\/ec539f4e-03c9-43c7-a401-e5360095b0f6.jpg 1563w\" sizes=\"auto, (max-width: 768px) 100vw, 768px\" \/><\/div><\/a><div class=\"frymo-listing-content\"><h3 class='frymo-listing-title'><a href=\"https:\/\/belvil.immo\/nl\/immobilie\/neubau-wohnung-zu-verkaufen-12\/\" aria-label=\"Neubau Wohnung zu verkaufen\">Neubau Wohnung zu verkaufen<\/a><\/h3><div class=\"frymo-listing-location\"><i class=\"frymo-icon frymo-icon-location-2\"><\/i>Lontzen<\/div><div class=\"frymo-listing-meta\"><span class=\"frymo-listing-meta-item frymo-listing-area \" data-frymo-tooltip=\"Wohnfl\u00e4che ca.\"><i class=\"frymo-icon frymo-icon-flaeche\"><\/i><div class=\"frymo-listing-meta-item-value\">106 m\u00b2<\/div><\/span><span class=\"frymo-listing-meta-item frymo-listing-bedrooms \" data-frymo-tooltip=\"Schlafzimmer\"><i class=\"frymo-icon frymo-icon-betten\"><\/i><div class=\"frymo-listing-meta-item-value\">2<\/div><\/span><span class=\"frymo-listing-meta-item frymo-listing-rooms \" data-frymo-tooltip=\"Zimmer\"><i class=\"frymo-icon frymo-icon-raum\"><\/i><div class=\"frymo-listing-meta-item-value\">3<\/div><\/span><span class=\"frymo-listing-meta-item frymo-listing-bathrooms \" data-frymo-tooltip=\"Badezimmer\"><i class=\"frymo-icon frymo-icon-bad\"><\/i><div class=\"frymo-listing-meta-item-value\">1<\/div><\/span><\/div><\/div><\/article><article class=\"frymo-listing-item post-id-1136\"><a class=\"frymo-listing-image image-hover\" href=\"https:\/\/belvil.immo\/nl\/immobilie\/neubau-wohnung-zu-verkaufen-13\/\" aria-label=\"Neubau Wohnung zu verkaufen\"><div class=\"frymo-listing-badges\"><div class=\"frymo-listing-badge badge-status badge-verkauft\">Verkauft<\/div><\/div><div class=\"frymo-listing-image-wrapper\"><img loading=\"lazy\" width=\"768\" height=\"410\" src=\"https:\/\/belvil.immo\/wp-content\/uploads\/2025\/02\/a3d8612c-91b1-494e-909c-3f3434fa87f3-768x410.jpg\" class=\"attachment-medium_large size-medium_large wp-post-image\" alt=\"facade lot 5\" loading=\"lazy\" decoding=\"async\" srcset=\"https:\/\/belvil.immo\/wp-content\/uploads\/2025\/02\/a3d8612c-91b1-494e-909c-3f3434fa87f3-768x410.jpg 768w, https:\/\/belvil.immo\/wp-content\/uploads\/2025\/02\/a3d8612c-91b1-494e-909c-3f3434fa87f3-300x160.jpg 300w, https:\/\/belvil.immo\/wp-content\/uploads\/2025\/02\/a3d8612c-91b1-494e-909c-3f3434fa87f3-1024x547.jpg 1024w, https:\/\/belvil.immo\/wp-content\/uploads\/2025\/02\/a3d8612c-91b1-494e-909c-3f3434fa87f3-1536x821.jpg 1536w, https:\/\/belvil.immo\/wp-content\/uploads\/2025\/02\/a3d8612c-91b1-494e-909c-3f3434fa87f3.jpg 1563w\" sizes=\"auto, (max-width: 768px) 100vw, 768px\" \/><\/div><\/a><div class=\"frymo-listing-content\"><h3 class='frymo-listing-title'><a href=\"https:\/\/belvil.immo\/nl\/immobilie\/neubau-wohnung-zu-verkaufen-13\/\" aria-label=\"Neubau Wohnung zu verkaufen\">Neubau Wohnung zu verkaufen<\/a><\/h3><div class=\"frymo-listing-location\"><i class=\"frymo-icon frymo-icon-location-2\"><\/i>Lontzen<\/div><div class=\"frymo-listing-meta\"><span class=\"frymo-listing-meta-item frymo-listing-area \" data-frymo-tooltip=\"Wohnfl\u00e4che ca.\"><i class=\"frymo-icon frymo-icon-flaeche\"><\/i><div class=\"frymo-listing-meta-item-value\">64 m\u00b2<\/div><\/span><span class=\"frymo-listing-meta-item frymo-listing-bedrooms \" data-frymo-tooltip=\"Schlafzimmer\"><i class=\"frymo-icon frymo-icon-betten\"><\/i><div class=\"frymo-listing-meta-item-value\">1<\/div><\/span><span class=\"frymo-listing-meta-item frymo-listing-rooms \" data-frymo-tooltip=\"Zimmer\"><i class=\"frymo-icon frymo-icon-raum\"><\/i><div class=\"frymo-listing-meta-item-value\">2<\/div><\/span><span class=\"frymo-listing-meta-item frymo-listing-bathrooms \" data-frymo-tooltip=\"Badezimmer\"><i class=\"frymo-icon frymo-icon-bad\"><\/i><div class=\"frymo-listing-meta-item-value\">1<\/div><\/span><\/div><\/div><\/article><\/div><div class=\"wp-pagenavi manual apply-type-ajax\">\n<span class=\"current\">1<\/span> <a href=\"https:\/\/belvil.immo\/nl\/?post_type=frymo_queries&#038;p=2552\/2\/\" data-page=\"2\">2<\/a> <a href=\"https:\/\/belvil.immo\/nl\/?post_type=frymo_queries&#038;p=2552\/3\/\" data-page=\"3\">3<\/a> <span class=\"dots\">\u2026<\/span> <a href=\"https:\/\/belvil.immo\/nl\/?post_type=frymo_queries&#038;p=2552\/12\/\" data-page=\"12\">12<\/a> <a href=\"https:\/\/belvil.immo\/nl\/?post_type=frymo_queries&#038;p=2552\/2\/\" class=\"next\" data-page=\"2\">Next \u00bb<\/a> <\/div>\n\t\t<script>\n\t\t\t(function() {\n\t\t\t\t\/\/ Get the query string, including the \"?\" at the beginning\n\t\t\t\tvar params = window.location.search;\n\n\t\t\t\t\/\/ Select all <a> elements inside elements with the classes .wp-pagenavi.apply-type-reload\n\t\t\t\tvar anchors = document.querySelectorAll('.wp-pagenavi.apply-type-reload a');\n\n\t\t\t\t\/\/ Loop through each anchor and update its href attribute\n\t\t\t\tanchors.forEach(function(anchor) {\n\t\t\t\t\tvar currentHref = anchor.getAttribute('href');\n\t\t\t\t\tanchor.setAttribute('href', currentHref + params);\n\t\t\t\t});\n\t\t\t})();\n\t\t<\/script>\n\t\t\t\t\t\t<\/div>\n\t\t\t\t<\/div>\n\t\t\t\t\t<\/div>\n\t\t\t\t<\/div>\n\t\t\t\t<\/div>\n\t\t","protected":false},"excerpt":{"rendered":"<p>Referenzen Home REFERENZEN Werfen Sie einen Blick auf die von uns bereits erfolgreich vermittelten Immobilien: Zeige 1 bis 12 von 32 ImmobilienVoreingestellte SortierungPreis (aufsteigend)Preis (absteigend)Zimmer (aufsteigend)Zimmer (absteigend)Fl\u00e4che (aufsteigend)Fl\u00e4che (absteigend)Externe ID (aufsteigend)Externe ID (absteigend)Interne ID (aufsteigend)Interne ID (absteigend)Ver\u00f6ffentlichungsdatum (aufsteigend)Ver\u00f6ffentlichungsdatum (absteigend)Daten aktualisiert (aufsteigend)Daten aktualisiert (absteigend) Verkauft Ein doppelhaus in ruhiger Lage, nahe dem Zentrum von B\u00fctgenbach zu [&hellip;]<\/p>\n","protected":false},"author":1,"featured_media":0,"parent":0,"menu_order":0,"comment_status":"closed","ping_status":"closed","template":"","meta":{"_acf_changed":false,"footnotes":""},"class_list":["post-1950","page","type-page","status-publish","hentry"],"acf":[],"_links":{"self":[{"href":"https:\/\/belvil.immo\/nl\/wp-json\/wp\/v2\/pages\/1950","targetHints":{"allow":["GET"]}}],"collection":[{"href":"https:\/\/belvil.immo\/nl\/wp-json\/wp\/v2\/pages"}],"about":[{"href":"https:\/\/belvil.immo\/nl\/wp-json\/wp\/v2\/types\/page"}],"author":[{"embeddable":true,"href":"https:\/\/belvil.immo\/nl\/wp-json\/wp\/v2\/users\/1"}],"replies":[{"embeddable":true,"href":"https:\/\/belvil.immo\/nl\/wp-json\/wp\/v2\/comments?post=1950"}],"version-history":[{"count":16,"href":"https:\/\/belvil.immo\/nl\/wp-json\/wp\/v2\/pages\/1950\/revisions"}],"predecessor-version":[{"id":7477,"href":"https:\/\/belvil.immo\/nl\/wp-json\/wp\/v2\/pages\/1950\/revisions\/7477"}],"wp:attachment":[{"href":"https:\/\/belvil.immo\/nl\/wp-json\/wp\/v2\/media?parent=1950"}],"curies":[{"name":"wp","href":"https:\/\/api.w.org\/{rel}","templated":true}]}}