{"id":1950,"date":"2025-03-27T14:46:51","date_gmt":"2025-03-27T14:46:51","guid":{"rendered":"https:\/\/belvil.immo\/?page_id=1950"},"modified":"2026-01-20T13:13:59","modified_gmt":"2026-01-20T13:13:59","slug":"referenzen","status":"publish","type":"page","link":"https:\/\/belvil.immo\/fr\/referenzen\/","title":{"rendered":"R\u00e9f\u00e9rences"},"content":{"rendered":"\t\t<div data-elementor-type=\"wp-page\" data-elementor-id=\"1950\" class=\"elementor elementor-1950\" data-elementor-post-type=\"page\">\n\t\t\t\t<div class=\"elementor-element elementor-element-3502897 e-flex e-con-boxed e-con e-parent\" data-id=\"3502897\" data-element_type=\"container\" data-e-type=\"container\" data-settings=\"{&quot;background_background&quot;:&quot;classic&quot;}\">\n\t\t\t\t\t<div class=\"e-con-inner\">\n\t\t\t\t<div class=\"elementor-element elementor-element-160b7ba elementor-widget elementor-widget-heading\" data-id=\"160b7ba\" data-element_type=\"widget\" data-e-type=\"widget\" data-widget_type=\"heading.default\">\n\t\t\t\t<div class=\"elementor-widget-container\">\n\t\t\t\t\t<h2 class=\"elementor-heading-title elementor-size-default\">Referenzen<\/h2>\t\t\t\t<\/div>\n\t\t\t\t<\/div>\n\t\t\t\t<div class=\"elementor-element elementor-element-66f0408 elementor-icon-list--layout-inline elementor-align-center elementor-list-item-link-full_width elementor-widget elementor-widget-icon-list\" data-id=\"66f0408\" data-element_type=\"widget\" data-e-type=\"widget\" data-widget_type=\"icon-list.default\">\n\t\t\t\t<div class=\"elementor-widget-container\">\n\t\t\t\t\t\t\t<ul class=\"elementor-icon-list-items elementor-inline-items\">\n\t\t\t\t\t\t\t<li class=\"elementor-icon-list-item elementor-inline-item\">\n\t\t\t\t\t\t\t\t\t\t<span class=\"elementor-icon-list-text\">Home<\/span>\n\t\t\t\t\t\t\t\t\t<\/li>\n\t\t\t\t\t\t\t\t<li class=\"elementor-icon-list-item elementor-inline-item\">\n\t\t\t\t\t\t\t\t\t\t\t<span class=\"elementor-icon-list-icon\">\n\t\t\t\t\t\t\t<i aria-hidden=\"true\" class=\"jki jki-minus-solid\"><\/i>\t\t\t\t\t\t<\/span>\n\t\t\t\t\t\t\t\t\t\t<span class=\"elementor-icon-list-text\">REFERENZEN<\/span>\n\t\t\t\t\t\t\t\t\t<\/li>\n\t\t\t\t\t\t<\/ul>\n\t\t\t\t\t\t<\/div>\n\t\t\t\t<\/div>\n\t\t\t\t\t<\/div>\n\t\t\t\t<\/div>\n\t\t<div class=\"elementor-element elementor-element-7b07e26 e-flex e-con-boxed e-con e-parent\" data-id=\"7b07e26\" data-element_type=\"container\" data-e-type=\"container\">\n\t\t\t\t\t<div class=\"e-con-inner\">\n\t\t\t\t<div class=\"elementor-element elementor-element-46c1b5b elementor-widget elementor-widget-text-editor\" data-id=\"46c1b5b\" data-element_type=\"widget\" data-e-type=\"widget\" data-widget_type=\"text-editor.default\">\n\t\t\t\t<div class=\"elementor-widget-container\">\n\t\t\t\t\t\t\t\t\t<p>Werfen Sie einen Blick auf die von uns bereits erfolgreich vermittelten Immobilien:<\/p>\t\t\t\t\t\t\t\t<\/div>\n\t\t\t\t<\/div>\n\t\t\t\t<div data-frymo-query-id=\"7474\" data-frymo-widget-settings=\"{&quot;post_id&quot;:1950,&quot;widget_id&quot;:&quot;cfd860b&quot;,&quot;query_id&quot;:&quot;7474&quot;,&quot;scrolltop_offset&quot;:100}\" class=\"elementor-element elementor-element-cfd860b elementor-widget elementor-widget-frymo-listing\" data-id=\"cfd860b\" data-element_type=\"widget\" data-e-type=\"widget\" data-widget_type=\"frymo-listing.grid-skin\">\n\t\t\t\t<div class=\"elementor-widget-container\">\n\t\t\t\t\t<div class=\"frymo-listing-toolbar\"><div class=\"frymo-results-count\">Showing 1 to 12 of 35 Properties<\/div><div class=\"frymo-order-switcher\"><select class=\"frymo-orderby-select\" autocomplete=\"off\"><option value=\"default\"  selected='selected' >Default Sorting<\/option><option value=\"price_asc\"  >Price (lowest first)<\/option><option value=\"price_desc\"  >Price (highest first)<\/option><option value=\"rooms_asc\"  >Rooms (lowest first)<\/option><option value=\"rooms_desc\"  >Rooms (highest first)<\/option><option value=\"area_asc\"  >Area (lowest first)<\/option><option value=\"area_desc\"  >Area (highest first)<\/option><option value=\"id_asc\"  >External ID (smallest first)<\/option><option value=\"id_desc\"  >External ID (largest first)<\/option><option value=\"id_internal_asc\"  >Internal ID (smallest first)<\/option><option value=\"id_internal_desc\"  >Internal ID (largest first)<\/option><option value=\"date_asc\"  >Published Date (newest first)<\/option><option value=\"date_desc\"  >Published Date (oldest first)<\/option><option value=\"last_updated_asc\"  >Data Updated (newest first)<\/option><option value=\"last_updated_desc\"  >Data Updated (oldest first)<\/option><\/select><\/div><\/div><div class=\"frymo-listing frymo-listing-grid-skin \" data-settings=\"{&quot;post_id&quot;:1950,&quot;widget_id&quot;:&quot;cfd860b&quot;,&quot;query_id&quot;:&quot;7474&quot;,&quot;scrolltop_offset&quot;:100}\"><script type=\"application\/ld+json\">{\"@context\":\"https:\/\/schema.org\",\"@type\":\"ItemList\",\"itemListElement\":[{\"@type\":\"ListItem\",\"position\":1,\"name\":\"Bungalow \u00e0 vendre \u00e0 Eupen\",\"url\":\"https:\/\/belvil.immo\/fr\/immobilie\/bungalow-a-vendre-a-eupen\/\"},{\"@type\":\"ListItem\",\"position\":2,\"name\":\"1019\",\"url\":\"https:\/\/belvil.immo\/fr\/immobilie\/1019\/\"},{\"@type\":\"ListItem\",\"position\":3,\"name\":\"1011\",\"url\":\"https:\/\/belvil.immo\/fr\/immobilie\/1011\/\"},{\"@type\":\"ListItem\",\"position\":4,\"name\":\"1003\",\"url\":\"https:\/\/belvil.immo\/fr\/immobilie\/1003\/\"},{\"@type\":\"ListItem\",\"position\":5,\"name\":\"995\",\"url\":\"https:\/\/belvil.immo\/fr\/immobilie\/995\/\"},{\"@type\":\"ListItem\",\"position\":6,\"name\":\"MAISON IDEALE POUR LES AMATEURS DE RENOVATION !\",\"url\":\"https:\/\/belvil.immo\/fr\/immobilie\/maison-ideale-pour-les-amateurs-de-renovation\/\"},{\"@type\":\"ListItem\",\"position\":7,\"name\":\"Charmante maison moderne \u00e0 vendre \u00e0 Lontzen\",\"url\":\"https:\/\/belvil.immo\/fr\/immobilie\/charmante-maison-moderne-a-vendre-a-lontzen\/\"},{\"@type\":\"ListItem\",\"position\":8,\"name\":\"Magnifique villa \u00e0 Eupen - Quartier r\u00e9sidentiel populaire\",\"url\":\"https:\/\/belvil.immo\/fr\/immobilie\/magnifique-villa-a-eupen-quartier-residentiel-populaire\/\"},{\"@type\":\"ListItem\",\"position\":9,\"name\":\"Maison de charme \u00e0 Stavelot\",\"url\":\"https:\/\/belvil.immo\/fr\/immobilie\/maison-de-charme-a-stavelot\/\"},{\"@type\":\"ListItem\",\"position\":10,\"name\":\"Bungalow \u00e0 vendre\",\"url\":\"https:\/\/belvil.immo\/fr\/immobilie\/bungalow-a-vendre\/\"},{\"@type\":\"ListItem\",\"position\":11,\"name\":\"Appartement neuf \u00e0 vendre au centre d\\'Eupen\",\"url\":\"https:\/\/belvil.immo\/fr\/immobilie\/appartement-neuf-a-vendre-au-centre-deupen-6\/\"},{\"@type\":\"ListItem\",\"position\":12,\"name\":\"Appartement neuf \u00e0 vendre\",\"url\":\"https:\/\/belvil.immo\/fr\/immobilie\/appartement-neuf-a-vendre-13\/\"}]}<\/script><article class=\"frymo-listing-item post-id-2558\"><a class=\"frymo-listing-image image-hover\" href=\"https:\/\/belvil.immo\/fr\/immobilie\/bungalow-a-vendre-a-eupen\/\" aria-label=\"Bungalow \u00e0 vendre \u00e0 Eupen\"><div class=\"frymo-listing-badges\"><div class=\"frymo-listing-badge badge-status badge-verkauft\">Verkauft<\/div><\/div><div class=\"frymo-listing-image-wrapper\"><img fetchpriority=\"high\" width=\"768\" height=\"512\" src=\"https:\/\/belvil.immo\/wp-content\/uploads\/2025\/09\/5044b60d-91a1-4ef1-aeb3-80707a81c13d-768x512.jpg\" class=\"attachment-medium_large size-medium_large wp-post-image\" alt=\"dsc00242\" loading=\"eager\" decoding=\"async\" fetchpriority=\"high\" srcset=\"https:\/\/belvil.immo\/wp-content\/uploads\/2025\/09\/5044b60d-91a1-4ef1-aeb3-80707a81c13d-768x512.jpg 768w, https:\/\/belvil.immo\/wp-content\/uploads\/2025\/09\/5044b60d-91a1-4ef1-aeb3-80707a81c13d-300x200.jpg 300w, https:\/\/belvil.immo\/wp-content\/uploads\/2025\/09\/5044b60d-91a1-4ef1-aeb3-80707a81c13d-1024x683.jpg 1024w, https:\/\/belvil.immo\/wp-content\/uploads\/2025\/09\/5044b60d-91a1-4ef1-aeb3-80707a81c13d-18x12.jpg 18w, https:\/\/belvil.immo\/wp-content\/uploads\/2025\/09\/5044b60d-91a1-4ef1-aeb3-80707a81c13d.jpg 1200w\" sizes=\"(max-width: 768px) 100vw, 768px\" \/><\/div><\/a><div class=\"frymo-listing-content\"><h3 class='frymo-listing-title'><a href=\"https:\/\/belvil.immo\/fr\/immobilie\/bungalow-a-vendre-a-eupen\/\" aria-label=\"Bungalow \u00e0 vendre \u00e0 Eupen\">Bungalow \u00e0 vendre \u00e0 Eupen<\/a><\/h3><div class=\"frymo-listing-location\"><i class=\"frymo-icon frymo-icon-location-2\"><\/i>Eupen<\/div><div class=\"frymo-listing-meta\"><span class=\"frymo-listing-meta-item frymo-listing-area \" data-frymo-tooltip=\"Wohnfl\u00e4che ca.\"><i class=\"frymo-icon frymo-icon-flaeche\"><\/i><div class=\"frymo-listing-meta-item-value\">144 m\u00b2<\/div><\/span><span class=\"frymo-listing-meta-item frymo-listing-bedrooms \" data-frymo-tooltip=\"Schlafzimmer\"><i class=\"frymo-icon frymo-icon-betten\"><\/i><div class=\"frymo-listing-meta-item-value\">3<\/div><\/span><span class=\"frymo-listing-meta-item frymo-listing-rooms \" data-frymo-tooltip=\"Zimmer\"><i class=\"frymo-icon frymo-icon-raum\"><\/i><div class=\"frymo-listing-meta-item-value\">4<\/div><\/span><span class=\"frymo-listing-meta-item frymo-listing-bathrooms \" data-frymo-tooltip=\"Badezimmer\"><i class=\"frymo-icon frymo-icon-bad\"><\/i><div class=\"frymo-listing-meta-item-value\">2<\/div><\/span><span class=\"frymo-listing-meta-item frymo-listing-ground_area \" data-frymo-tooltip=\"Grundst\u00fccksfl\u00e4che ca.\"><i class=\"frymo-icon frymo-icon-grundstuecksflaeche\"><\/i><div class=\"frymo-listing-meta-item-value\">540 m\u00b2<\/div><\/span><\/div><\/div><\/article><article class=\"frymo-listing-item post-id-6167\"><a class=\"frymo-listing-image image-hover\" href=\"https:\/\/belvil.immo\/fr\/immobilie\/1019\/\" aria-label=\"1019\"><div class=\"frymo-listing-badges\"><div class=\"frymo-listing-badge badge-status badge-verkauft\">Verkauft<\/div><\/div><div class=\"frymo-listing-image-wrapper\"><img fetchpriority=\"high\" width=\"768\" height=\"512\" src=\"https:\/\/belvil.immo\/wp-content\/uploads\/2025\/10\/2c707482-33d3-45ba-98ea-b0141e202049-768x512.jpg\" class=\"attachment-medium_large size-medium_large wp-post-image\" alt=\"21_dsc02010\" loading=\"eager\" decoding=\"async\" fetchpriority=\"high\" srcset=\"https:\/\/belvil.immo\/wp-content\/uploads\/2025\/10\/2c707482-33d3-45ba-98ea-b0141e202049-768x512.jpg 768w, https:\/\/belvil.immo\/wp-content\/uploads\/2025\/10\/2c707482-33d3-45ba-98ea-b0141e202049-300x200.jpg 300w, https:\/\/belvil.immo\/wp-content\/uploads\/2025\/10\/2c707482-33d3-45ba-98ea-b0141e202049-1024x683.jpg 1024w, https:\/\/belvil.immo\/wp-content\/uploads\/2025\/10\/2c707482-33d3-45ba-98ea-b0141e202049-1536x1024.jpg 1536w, https:\/\/belvil.immo\/wp-content\/uploads\/2025\/10\/2c707482-33d3-45ba-98ea-b0141e202049-18x12.jpg 18w, https:\/\/belvil.immo\/wp-content\/uploads\/2025\/10\/2c707482-33d3-45ba-98ea-b0141e202049.jpg 1620w\" sizes=\"(max-width: 768px) 100vw, 768px\" \/><\/div><\/a><div class=\"frymo-listing-content\"><h3 class='frymo-listing-title'><a href=\"https:\/\/belvil.immo\/fr\/immobilie\/1019\/\" aria-label=\"1019\">1019<\/a><\/h3><div class=\"frymo-listing-location\"><i class=\"frymo-icon frymo-icon-location-2\"><\/i>Eupen<\/div><div class=\"frymo-listing-meta\"><span class=\"frymo-listing-meta-item frymo-listing-area \" data-frymo-tooltip=\"Wohnfl\u00e4che ca.\"><i class=\"frymo-icon frymo-icon-flaeche\"><\/i><div class=\"frymo-listing-meta-item-value\">69 m\u00b2<\/div><\/span><span class=\"frymo-listing-meta-item frymo-listing-rooms \" data-frymo-tooltip=\"Zimmer\"><i class=\"frymo-icon frymo-icon-raum\"><\/i><div class=\"frymo-listing-meta-item-value\">2<\/div><\/span><span class=\"frymo-listing-meta-item frymo-listing-bathrooms \" data-frymo-tooltip=\"Badezimmer\"><i class=\"frymo-icon frymo-icon-bad\"><\/i><div class=\"frymo-listing-meta-item-value\">1<\/div><\/span><\/div><\/div><\/article><article class=\"frymo-listing-item post-id-6068\"><a class=\"frymo-listing-image image-hover\" href=\"https:\/\/belvil.immo\/fr\/immobilie\/1011\/\" aria-label=\"1011\"><div class=\"frymo-listing-badges\"><div class=\"frymo-listing-badge badge-status badge-verkauft\">Verkauft<\/div><\/div><div class=\"frymo-listing-image-wrapper\"><img loading=\"lazy\" width=\"768\" height=\"512\" src=\"https:\/\/belvil.immo\/wp-content\/uploads\/2025\/10\/74762e19-769d-47af-a903-aeb7181f1840-768x512.jpg\" class=\"attachment-medium_large size-medium_large wp-post-image\" alt=\"5_picture_123908\" loading=\"lazy\" decoding=\"async\" srcset=\"https:\/\/belvil.immo\/wp-content\/uploads\/2025\/10\/74762e19-769d-47af-a903-aeb7181f1840-768x512.jpg 768w, https:\/\/belvil.immo\/wp-content\/uploads\/2025\/10\/74762e19-769d-47af-a903-aeb7181f1840-300x200.jpg 300w, https:\/\/belvil.immo\/wp-content\/uploads\/2025\/10\/74762e19-769d-47af-a903-aeb7181f1840-1024x683.jpg 1024w, https:\/\/belvil.immo\/wp-content\/uploads\/2025\/10\/74762e19-769d-47af-a903-aeb7181f1840-1536x1024.jpg 1536w, https:\/\/belvil.immo\/wp-content\/uploads\/2025\/10\/74762e19-769d-47af-a903-aeb7181f1840-18x12.jpg 18w, https:\/\/belvil.immo\/wp-content\/uploads\/2025\/10\/74762e19-769d-47af-a903-aeb7181f1840.jpg 1620w\" sizes=\"auto, (max-width: 768px) 100vw, 768px\" \/><\/div><\/a><div class=\"frymo-listing-content\"><h3 class='frymo-listing-title'><a href=\"https:\/\/belvil.immo\/fr\/immobilie\/1011\/\" aria-label=\"1011\">1011<\/a><\/h3><div class=\"frymo-listing-location\"><i class=\"frymo-icon frymo-icon-location-2\"><\/i>Eupen<\/div><div class=\"frymo-listing-meta\"><span class=\"frymo-listing-meta-item frymo-listing-area \" data-frymo-tooltip=\"Wohnfl\u00e4che ca.\"><i class=\"frymo-icon frymo-icon-flaeche\"><\/i><div class=\"frymo-listing-meta-item-value\">68 m\u00b2<\/div><\/span><span class=\"frymo-listing-meta-item frymo-listing-rooms \" data-frymo-tooltip=\"Zimmer\"><i class=\"frymo-icon frymo-icon-raum\"><\/i><div class=\"frymo-listing-meta-item-value\">1<\/div><\/span><span class=\"frymo-listing-meta-item frymo-listing-bathrooms \" data-frymo-tooltip=\"Badezimmer\"><i class=\"frymo-icon frymo-icon-bad\"><\/i><div class=\"frymo-listing-meta-item-value\">1<\/div><\/span><\/div><\/div><\/article><article class=\"frymo-listing-item post-id-5987\"><a class=\"frymo-listing-image image-hover\" href=\"https:\/\/belvil.immo\/fr\/immobilie\/1003\/\" aria-label=\"1003\"><div class=\"frymo-listing-badges\"><div class=\"frymo-listing-badge badge-status badge-verkauft\">Verkauft<\/div><\/div><div class=\"frymo-listing-image-wrapper\"><img loading=\"lazy\" width=\"768\" height=\"512\" src=\"https:\/\/belvil.immo\/wp-content\/uploads\/2025\/10\/43d7ae30-6082-4b74-9523-367bd8c5c186-768x512.jpg\" class=\"attachment-medium_large size-medium_large wp-post-image\" alt=\"9_picture_123995\" loading=\"lazy\" decoding=\"async\" srcset=\"https:\/\/belvil.immo\/wp-content\/uploads\/2025\/10\/43d7ae30-6082-4b74-9523-367bd8c5c186-768x512.jpg 768w, https:\/\/belvil.immo\/wp-content\/uploads\/2025\/10\/43d7ae30-6082-4b74-9523-367bd8c5c186-300x200.jpg 300w, https:\/\/belvil.immo\/wp-content\/uploads\/2025\/10\/43d7ae30-6082-4b74-9523-367bd8c5c186-1024x683.jpg 1024w, https:\/\/belvil.immo\/wp-content\/uploads\/2025\/10\/43d7ae30-6082-4b74-9523-367bd8c5c186-1536x1024.jpg 1536w, https:\/\/belvil.immo\/wp-content\/uploads\/2025\/10\/43d7ae30-6082-4b74-9523-367bd8c5c186-18x12.jpg 18w, https:\/\/belvil.immo\/wp-content\/uploads\/2025\/10\/43d7ae30-6082-4b74-9523-367bd8c5c186.jpg 1620w\" sizes=\"auto, (max-width: 768px) 100vw, 768px\" \/><\/div><\/a><div class=\"frymo-listing-content\"><h3 class='frymo-listing-title'><a href=\"https:\/\/belvil.immo\/fr\/immobilie\/1003\/\" aria-label=\"1003\">1003<\/a><\/h3><div class=\"frymo-listing-location\"><i class=\"frymo-icon frymo-icon-location-2\"><\/i>Eupen<\/div><div class=\"frymo-listing-meta\"><span class=\"frymo-listing-meta-item frymo-listing-area \" data-frymo-tooltip=\"Wohnfl\u00e4che ca.\"><i class=\"frymo-icon frymo-icon-flaeche\"><\/i><div class=\"frymo-listing-meta-item-value\">68 m\u00b2<\/div><\/span><span class=\"frymo-listing-meta-item frymo-listing-rooms \" data-frymo-tooltip=\"Zimmer\"><i class=\"frymo-icon frymo-icon-raum\"><\/i><div class=\"frymo-listing-meta-item-value\">1<\/div><\/span><span class=\"frymo-listing-meta-item frymo-listing-bathrooms \" data-frymo-tooltip=\"Badezimmer\"><i class=\"frymo-icon frymo-icon-bad\"><\/i><div class=\"frymo-listing-meta-item-value\">1<\/div><\/span><\/div><\/div><\/article><article class=\"frymo-listing-item post-id-5855\"><a class=\"frymo-listing-image image-hover\" href=\"https:\/\/belvil.immo\/fr\/immobilie\/995\/\" aria-label=\"995\"><div class=\"frymo-listing-badges\"><div class=\"frymo-listing-badge badge-status badge-verkauft\">Verkauft<\/div><\/div><div class=\"frymo-listing-image-wrapper\"><img loading=\"lazy\" width=\"768\" height=\"512\" src=\"https:\/\/belvil.immo\/wp-content\/uploads\/2025\/10\/da94043f-4bb5-4475-b2e7-dd273d6959d9-768x512.jpg\" class=\"attachment-medium_large size-medium_large wp-post-image\" alt=\"21_picture_123891\" loading=\"lazy\" decoding=\"async\" srcset=\"https:\/\/belvil.immo\/wp-content\/uploads\/2025\/10\/da94043f-4bb5-4475-b2e7-dd273d6959d9-768x512.jpg 768w, https:\/\/belvil.immo\/wp-content\/uploads\/2025\/10\/da94043f-4bb5-4475-b2e7-dd273d6959d9-300x200.jpg 300w, https:\/\/belvil.immo\/wp-content\/uploads\/2025\/10\/da94043f-4bb5-4475-b2e7-dd273d6959d9-1024x683.jpg 1024w, https:\/\/belvil.immo\/wp-content\/uploads\/2025\/10\/da94043f-4bb5-4475-b2e7-dd273d6959d9-1536x1024.jpg 1536w, https:\/\/belvil.immo\/wp-content\/uploads\/2025\/10\/da94043f-4bb5-4475-b2e7-dd273d6959d9-18x12.jpg 18w, https:\/\/belvil.immo\/wp-content\/uploads\/2025\/10\/da94043f-4bb5-4475-b2e7-dd273d6959d9.jpg 1620w\" sizes=\"auto, (max-width: 768px) 100vw, 768px\" \/><\/div><\/a><div class=\"frymo-listing-content\"><h3 class='frymo-listing-title'><a href=\"https:\/\/belvil.immo\/fr\/immobilie\/995\/\" aria-label=\"995\">995<\/a><\/h3><div class=\"frymo-listing-location\"><i class=\"frymo-icon frymo-icon-location-2\"><\/i>Eupen<\/div><div class=\"frymo-listing-meta\"><span class=\"frymo-listing-meta-item frymo-listing-area \" data-frymo-tooltip=\"Wohnfl\u00e4che ca.\"><i class=\"frymo-icon frymo-icon-flaeche\"><\/i><div class=\"frymo-listing-meta-item-value\">123 m\u00b2<\/div><\/span><span class=\"frymo-listing-meta-item frymo-listing-rooms \" data-frymo-tooltip=\"Zimmer\"><i class=\"frymo-icon frymo-icon-raum\"><\/i><div class=\"frymo-listing-meta-item-value\">2<\/div><\/span><span class=\"frymo-listing-meta-item frymo-listing-bathrooms \" data-frymo-tooltip=\"Badezimmer\"><i class=\"frymo-icon frymo-icon-bad\"><\/i><div class=\"frymo-listing-meta-item-value\">1<\/div><\/span><\/div><\/div><\/article><article class=\"frymo-listing-item post-id-5556\"><a class=\"frymo-listing-image image-hover\" href=\"https:\/\/belvil.immo\/fr\/immobilie\/maison-ideale-pour-les-amateurs-de-renovation\/\" aria-label=\"MAISON IDEALE POUR LES AMATEURS DE RENOVATION !\"><div class=\"frymo-listing-badges\"><div class=\"frymo-listing-badge badge-status badge-verkauft\">Verkauft<\/div><\/div><div class=\"frymo-listing-image-wrapper\"><img loading=\"lazy\" width=\"768\" height=\"576\" src=\"https:\/\/belvil.immo\/wp-content\/uploads\/2025\/10\/770464f3-0fda-480a-9073-f5a6071743c2-768x576.jpg\" class=\"attachment-medium_large size-medium_large wp-post-image\" alt=\"WhatsApp Image 2025-03-10 at 15.53.14 (4)\" loading=\"lazy\" decoding=\"async\" srcset=\"https:\/\/belvil.immo\/wp-content\/uploads\/2025\/10\/770464f3-0fda-480a-9073-f5a6071743c2-768x576.jpg 768w, https:\/\/belvil.immo\/wp-content\/uploads\/2025\/10\/770464f3-0fda-480a-9073-f5a6071743c2-300x225.jpg 300w, https:\/\/belvil.immo\/wp-content\/uploads\/2025\/10\/770464f3-0fda-480a-9073-f5a6071743c2-1024x768.jpg 1024w, https:\/\/belvil.immo\/wp-content\/uploads\/2025\/10\/770464f3-0fda-480a-9073-f5a6071743c2-16x12.jpg 16w, https:\/\/belvil.immo\/wp-content\/uploads\/2025\/10\/770464f3-0fda-480a-9073-f5a6071743c2.jpg 1440w\" sizes=\"auto, (max-width: 768px) 100vw, 768px\" \/><\/div><\/a><div class=\"frymo-listing-content\"><h3 class='frymo-listing-title'><a href=\"https:\/\/belvil.immo\/fr\/immobilie\/maison-ideale-pour-les-amateurs-de-renovation\/\" aria-label=\"MAISON IDEALE POUR LES AMATEURS DE RENOVATION !\">MAISON IDEALE POUR LES AMATEURS DE RENOVATION !<\/a><\/h3><div class=\"frymo-listing-location\"><i class=\"frymo-icon frymo-icon-location-2\"><\/i>Soumagne<\/div><div class=\"frymo-listing-meta\"><span class=\"frymo-listing-meta-item frymo-listing-area \" data-frymo-tooltip=\"Wohnfl\u00e4che ca.\"><i class=\"frymo-icon frymo-icon-flaeche\"><\/i><div class=\"frymo-listing-meta-item-value\">178,77 m\u00b2<\/div><\/span><span class=\"frymo-listing-meta-item frymo-listing-bedrooms \" data-frymo-tooltip=\"Schlafzimmer\"><i class=\"frymo-icon frymo-icon-betten\"><\/i><div class=\"frymo-listing-meta-item-value\">3<\/div><\/span><span class=\"frymo-listing-meta-item frymo-listing-rooms \" data-frymo-tooltip=\"Zimmer\"><i class=\"frymo-icon frymo-icon-raum\"><\/i><div class=\"frymo-listing-meta-item-value\">4<\/div><\/span><span class=\"frymo-listing-meta-item frymo-listing-bathrooms \" data-frymo-tooltip=\"Badezimmer\"><i class=\"frymo-icon frymo-icon-bad\"><\/i><div class=\"frymo-listing-meta-item-value\">1<\/div><\/span><span class=\"frymo-listing-meta-item frymo-listing-ground_area \" data-frymo-tooltip=\"Grundst\u00fccksfl\u00e4che ca.\"><i class=\"frymo-icon frymo-icon-grundstuecksflaeche\"><\/i><div class=\"frymo-listing-meta-item-value\">363 m\u00b2<\/div><\/span><\/div><\/div><\/article><article class=\"frymo-listing-item post-id-4931\"><a class=\"frymo-listing-image image-hover\" href=\"https:\/\/belvil.immo\/fr\/immobilie\/charmante-maison-moderne-a-vendre-a-lontzen\/\" aria-label=\"Charmante maison moderne \u00e0 vendre \u00e0 Lontzen\"><div class=\"frymo-listing-badges\"><div class=\"frymo-listing-badge badge-status badge-verkauft\">Verkauft<\/div><\/div><div class=\"frymo-listing-image-wrapper\"><img loading=\"lazy\" width=\"768\" height=\"513\" src=\"https:\/\/belvil.immo\/wp-content\/uploads\/2025\/10\/88a58f83-0fbf-47df-967f-c57fa75036c0-2-768x513.jpg\" class=\"attachment-medium_large size-medium_large wp-post-image\" alt=\"IMG-20250108-WA0026\" loading=\"lazy\" decoding=\"async\" srcset=\"https:\/\/belvil.immo\/wp-content\/uploads\/2025\/10\/88a58f83-0fbf-47df-967f-c57fa75036c0-2-768x513.jpg 768w, https:\/\/belvil.immo\/wp-content\/uploads\/2025\/10\/88a58f83-0fbf-47df-967f-c57fa75036c0-2-300x200.jpg 300w, https:\/\/belvil.immo\/wp-content\/uploads\/2025\/10\/88a58f83-0fbf-47df-967f-c57fa75036c0-2-1024x684.jpg 1024w, https:\/\/belvil.immo\/wp-content\/uploads\/2025\/10\/88a58f83-0fbf-47df-967f-c57fa75036c0-2-1536x1025.jpg 1536w, https:\/\/belvil.immo\/wp-content\/uploads\/2025\/10\/88a58f83-0fbf-47df-967f-c57fa75036c0-2-18x12.jpg 18w, https:\/\/belvil.immo\/wp-content\/uploads\/2025\/10\/88a58f83-0fbf-47df-967f-c57fa75036c0-2.jpg 1600w\" sizes=\"auto, (max-width: 768px) 100vw, 768px\" \/><\/div><\/a><div class=\"frymo-listing-content\"><h3 class='frymo-listing-title'><a href=\"https:\/\/belvil.immo\/fr\/immobilie\/charmante-maison-moderne-a-vendre-a-lontzen\/\" aria-label=\"Charmante maison moderne \u00e0 vendre \u00e0 Lontzen\">Charmante maison moderne \u00e0 vendre \u00e0 Lontzen<\/a><\/h3><div class=\"frymo-listing-location\"><i class=\"frymo-icon frymo-icon-location-2\"><\/i>Lontzen<\/div><div class=\"frymo-listing-meta\"><span class=\"frymo-listing-meta-item frymo-listing-area \" data-frymo-tooltip=\"Wohnfl\u00e4che ca.\"><i class=\"frymo-icon frymo-icon-flaeche\"><\/i><div class=\"frymo-listing-meta-item-value\">240 m\u00b2<\/div><\/span><span class=\"frymo-listing-meta-item frymo-listing-bedrooms \" data-frymo-tooltip=\"Schlafzimmer\"><i class=\"frymo-icon frymo-icon-betten\"><\/i><div class=\"frymo-listing-meta-item-value\">3<\/div><\/span><span class=\"frymo-listing-meta-item frymo-listing-rooms \" data-frymo-tooltip=\"Zimmer\"><i class=\"frymo-icon frymo-icon-raum\"><\/i><div class=\"frymo-listing-meta-item-value\">4<\/div><\/span><span class=\"frymo-listing-meta-item frymo-listing-bathrooms \" data-frymo-tooltip=\"Badezimmer\"><i class=\"frymo-icon frymo-icon-bad\"><\/i><div class=\"frymo-listing-meta-item-value\">2<\/div><\/span><span class=\"frymo-listing-meta-item frymo-listing-ground_area \" data-frymo-tooltip=\"Grundst\u00fccksfl\u00e4che ca.\"><i class=\"frymo-icon frymo-icon-grundstuecksflaeche\"><\/i><div class=\"frymo-listing-meta-item-value\">850 m\u00b2<\/div><\/span><\/div><\/div><\/article><article class=\"frymo-listing-item post-id-4633\"><a class=\"frymo-listing-image image-hover\" href=\"https:\/\/belvil.immo\/fr\/immobilie\/magnifique-villa-a-eupen-quartier-residentiel-populaire\/\" aria-label=\"Magnifique villa \u00e0 Eupen &#8211; Quartier r\u00e9sidentiel populaire\"><div class=\"frymo-listing-badges\"><div class=\"frymo-listing-badge badge-status badge-verkauft\">Verkauft<\/div><\/div><div class=\"frymo-listing-image-wrapper\"><img loading=\"lazy\" width=\"768\" height=\"512\" src=\"https:\/\/belvil.immo\/wp-content\/uploads\/2025\/10\/c2c4c51b-366f-4593-8a90-0b7cbf11aec8-1-768x512.jpg\" class=\"attachment-medium_large size-medium_large wp-post-image\" alt=\"0_dsc03838\" loading=\"lazy\" decoding=\"async\" srcset=\"https:\/\/belvil.immo\/wp-content\/uploads\/2025\/10\/c2c4c51b-366f-4593-8a90-0b7cbf11aec8-1-768x512.jpg 768w, https:\/\/belvil.immo\/wp-content\/uploads\/2025\/10\/c2c4c51b-366f-4593-8a90-0b7cbf11aec8-1-300x200.jpg 300w, https:\/\/belvil.immo\/wp-content\/uploads\/2025\/10\/c2c4c51b-366f-4593-8a90-0b7cbf11aec8-1-1024x683.jpg 1024w, https:\/\/belvil.immo\/wp-content\/uploads\/2025\/10\/c2c4c51b-366f-4593-8a90-0b7cbf11aec8-1-1536x1024.jpg 1536w, https:\/\/belvil.immo\/wp-content\/uploads\/2025\/10\/c2c4c51b-366f-4593-8a90-0b7cbf11aec8-1-18x12.jpg 18w, https:\/\/belvil.immo\/wp-content\/uploads\/2025\/10\/c2c4c51b-366f-4593-8a90-0b7cbf11aec8-1.jpg 1620w\" sizes=\"auto, (max-width: 768px) 100vw, 768px\" \/><\/div><\/a><div class=\"frymo-listing-content\"><h3 class='frymo-listing-title'><a href=\"https:\/\/belvil.immo\/fr\/immobilie\/magnifique-villa-a-eupen-quartier-residentiel-populaire\/\" aria-label=\"Magnifique villa \u00e0 Eupen &#8211; Quartier r\u00e9sidentiel populaire\">Magnifique villa \u00e0 Eupen &#8211; Quartier r\u00e9sidentiel populaire<\/a><\/h3><div class=\"frymo-listing-location\"><i class=\"frymo-icon frymo-icon-location-2\"><\/i>Eupen<\/div><div class=\"frymo-listing-meta\"><span class=\"frymo-listing-meta-item frymo-listing-area \" data-frymo-tooltip=\"Wohnfl\u00e4che ca.\"><i class=\"frymo-icon frymo-icon-flaeche\"><\/i><div class=\"frymo-listing-meta-item-value\">277 m\u00b2<\/div><\/span><span class=\"frymo-listing-meta-item frymo-listing-bedrooms \" data-frymo-tooltip=\"Schlafzimmer\"><i class=\"frymo-icon frymo-icon-betten\"><\/i><div class=\"frymo-listing-meta-item-value\">3<\/div><\/span><span class=\"frymo-listing-meta-item frymo-listing-rooms \" data-frymo-tooltip=\"Zimmer\"><i class=\"frymo-icon frymo-icon-raum\"><\/i><div class=\"frymo-listing-meta-item-value\">4<\/div><\/span><span class=\"frymo-listing-meta-item frymo-listing-bathrooms \" data-frymo-tooltip=\"Badezimmer\"><i class=\"frymo-icon frymo-icon-bad\"><\/i><div class=\"frymo-listing-meta-item-value\">2<\/div><\/span><\/div><\/div><\/article><article class=\"frymo-listing-item post-id-4517\"><a class=\"frymo-listing-image image-hover\" href=\"https:\/\/belvil.immo\/fr\/immobilie\/maison-de-charme-a-stavelot\/\" aria-label=\"Maison de charme \u00e0 Stavelot\"><div class=\"frymo-listing-badges\"><div class=\"frymo-listing-badge badge-status badge-verkauft\">Verkauft<\/div><\/div><div class=\"frymo-listing-image-wrapper\"><img loading=\"lazy\" width=\"768\" height=\"512\" src=\"https:\/\/belvil.immo\/wp-content\/uploads\/2025\/10\/81901e30-799c-4e10-998f-6b9a6b791d0e-1-768x512.jpg\" class=\"attachment-medium_large size-medium_large wp-post-image\" alt=\"0_dsc04203\" loading=\"lazy\" decoding=\"async\" srcset=\"https:\/\/belvil.immo\/wp-content\/uploads\/2025\/10\/81901e30-799c-4e10-998f-6b9a6b791d0e-1-768x512.jpg 768w, https:\/\/belvil.immo\/wp-content\/uploads\/2025\/10\/81901e30-799c-4e10-998f-6b9a6b791d0e-1-300x200.jpg 300w, https:\/\/belvil.immo\/wp-content\/uploads\/2025\/10\/81901e30-799c-4e10-998f-6b9a6b791d0e-1-1024x683.jpg 1024w, https:\/\/belvil.immo\/wp-content\/uploads\/2025\/10\/81901e30-799c-4e10-998f-6b9a6b791d0e-1-1536x1024.jpg 1536w, https:\/\/belvil.immo\/wp-content\/uploads\/2025\/10\/81901e30-799c-4e10-998f-6b9a6b791d0e-1-18x12.jpg 18w, https:\/\/belvil.immo\/wp-content\/uploads\/2025\/10\/81901e30-799c-4e10-998f-6b9a6b791d0e-1.jpg 1620w\" sizes=\"auto, (max-width: 768px) 100vw, 768px\" \/><\/div><\/a><div class=\"frymo-listing-content\"><h3 class='frymo-listing-title'><a href=\"https:\/\/belvil.immo\/fr\/immobilie\/maison-de-charme-a-stavelot\/\" aria-label=\"Maison de charme \u00e0 Stavelot\">Maison de charme \u00e0 Stavelot<\/a><\/h3><div class=\"frymo-listing-location\"><i class=\"frymo-icon frymo-icon-location-2\"><\/i>Stavelot<\/div><div class=\"frymo-listing-meta\"><span class=\"frymo-listing-meta-item frymo-listing-area \" data-frymo-tooltip=\"Wohnfl\u00e4che ca.\"><i class=\"frymo-icon frymo-icon-flaeche\"><\/i><div class=\"frymo-listing-meta-item-value\">88 m\u00b2<\/div><\/span><span class=\"frymo-listing-meta-item frymo-listing-bedrooms \" data-frymo-tooltip=\"Schlafzimmer\"><i class=\"frymo-icon frymo-icon-betten\"><\/i><div class=\"frymo-listing-meta-item-value\">3<\/div><\/span><span class=\"frymo-listing-meta-item frymo-listing-rooms \" data-frymo-tooltip=\"Zimmer\"><i class=\"frymo-icon frymo-icon-raum\"><\/i><div class=\"frymo-listing-meta-item-value\">3<\/div><\/span><span class=\"frymo-listing-meta-item frymo-listing-bathrooms \" data-frymo-tooltip=\"Badezimmer\"><i class=\"frymo-icon frymo-icon-bad\"><\/i><div class=\"frymo-listing-meta-item-value\">1<\/div><\/span><\/div><\/div><\/article><article class=\"frymo-listing-item post-id-4444\"><a class=\"frymo-listing-image image-hover\" href=\"https:\/\/belvil.immo\/fr\/immobilie\/bungalow-a-vendre\/\" aria-label=\"Bungalow \u00e0 vendre\"><div class=\"frymo-listing-badges\"><div class=\"frymo-listing-badge badge-status badge-verkauft\">Verkauft<\/div><\/div><div class=\"frymo-listing-image-wrapper\"><img loading=\"lazy\" width=\"768\" height=\"512\" src=\"https:\/\/belvil.immo\/wp-content\/uploads\/2025\/10\/4189a46d-4223-4f1b-a1e2-3b797f29c7c9-1-768x512.jpg\" class=\"attachment-medium_large size-medium_large wp-post-image\" alt=\"0_dsc07787\" loading=\"lazy\" decoding=\"async\" srcset=\"https:\/\/belvil.immo\/wp-content\/uploads\/2025\/10\/4189a46d-4223-4f1b-a1e2-3b797f29c7c9-1-768x512.jpg 768w, https:\/\/belvil.immo\/wp-content\/uploads\/2025\/10\/4189a46d-4223-4f1b-a1e2-3b797f29c7c9-1-300x200.jpg 300w, https:\/\/belvil.immo\/wp-content\/uploads\/2025\/10\/4189a46d-4223-4f1b-a1e2-3b797f29c7c9-1-1024x683.jpg 1024w, https:\/\/belvil.immo\/wp-content\/uploads\/2025\/10\/4189a46d-4223-4f1b-a1e2-3b797f29c7c9-1-1536x1024.jpg 1536w, https:\/\/belvil.immo\/wp-content\/uploads\/2025\/10\/4189a46d-4223-4f1b-a1e2-3b797f29c7c9-1-18x12.jpg 18w, https:\/\/belvil.immo\/wp-content\/uploads\/2025\/10\/4189a46d-4223-4f1b-a1e2-3b797f29c7c9-1.jpg 1620w\" sizes=\"auto, (max-width: 768px) 100vw, 768px\" \/><\/div><\/a><div class=\"frymo-listing-content\"><h3 class='frymo-listing-title'><a href=\"https:\/\/belvil.immo\/fr\/immobilie\/bungalow-a-vendre\/\" aria-label=\"Bungalow \u00e0 vendre\">Bungalow \u00e0 vendre<\/a><\/h3><div class=\"frymo-listing-location\"><i class=\"frymo-icon frymo-icon-location-2\"><\/i>Hauset<\/div><div class=\"frymo-listing-meta\"><span class=\"frymo-listing-meta-item frymo-listing-area \" data-frymo-tooltip=\"Wohnfl\u00e4che ca.\"><i class=\"frymo-icon frymo-icon-flaeche\"><\/i><div class=\"frymo-listing-meta-item-value\">108 m\u00b2<\/div><\/span><span class=\"frymo-listing-meta-item frymo-listing-bedrooms \" data-frymo-tooltip=\"Schlafzimmer\"><i class=\"frymo-icon frymo-icon-betten\"><\/i><div class=\"frymo-listing-meta-item-value\">2<\/div><\/span><span class=\"frymo-listing-meta-item frymo-listing-rooms \" data-frymo-tooltip=\"Zimmer\"><i class=\"frymo-icon frymo-icon-raum\"><\/i><div class=\"frymo-listing-meta-item-value\">3<\/div><\/span><span class=\"frymo-listing-meta-item frymo-listing-bathrooms \" data-frymo-tooltip=\"Badezimmer\"><i class=\"frymo-icon frymo-icon-bad\"><\/i><div class=\"frymo-listing-meta-item-value\">1<\/div><\/span><\/div><\/div><\/article><article class=\"frymo-listing-item post-id-4220\"><a class=\"frymo-listing-image image-hover\" href=\"https:\/\/belvil.immo\/fr\/immobilie\/appartement-neuf-a-vendre-au-centre-deupen-6\/\" aria-label=\"Appartement neuf \u00e0 vendre au centre d&#8217;Eupen\"><div class=\"frymo-listing-badges\"><div class=\"frymo-listing-badge badge-status badge-verkauft\">Verkauft<\/div><\/div><div class=\"frymo-listing-image-wrapper\"><img loading=\"lazy\" width=\"768\" height=\"432\" src=\"https:\/\/belvil.immo\/wp-content\/uploads\/2025\/10\/2599-1-768x432.jpg\" class=\"attachment-medium_large size-medium_large wp-post-image\" alt=\"Hostert_ohne_Logo\" loading=\"lazy\" decoding=\"async\" srcset=\"https:\/\/belvil.immo\/wp-content\/uploads\/2025\/10\/2599-1-768x432.jpg 768w, https:\/\/belvil.immo\/wp-content\/uploads\/2025\/10\/2599-1-300x169.jpg 300w, https:\/\/belvil.immo\/wp-content\/uploads\/2025\/10\/2599-1-1024x576.jpg 1024w, https:\/\/belvil.immo\/wp-content\/uploads\/2025\/10\/2599-1-1536x864.jpg 1536w, https:\/\/belvil.immo\/wp-content\/uploads\/2025\/10\/2599-1-18x10.jpg 18w, https:\/\/belvil.immo\/wp-content\/uploads\/2025\/10\/2599-1.jpg 1920w\" sizes=\"auto, (max-width: 768px) 100vw, 768px\" \/><\/div><\/a><div class=\"frymo-listing-content\"><h3 class='frymo-listing-title'><a href=\"https:\/\/belvil.immo\/fr\/immobilie\/appartement-neuf-a-vendre-au-centre-deupen-6\/\" aria-label=\"Appartement neuf \u00e0 vendre au centre d&#8217;Eupen\">Appartement neuf \u00e0 vendre au centre d&#8217;Eupen<\/a><\/h3><div class=\"frymo-listing-location\"><i class=\"frymo-icon frymo-icon-location-2\"><\/i>Eupen<\/div><div class=\"frymo-listing-meta\"><span class=\"frymo-listing-meta-item frymo-listing-area \" data-frymo-tooltip=\"Wohnfl\u00e4che ca.\"><i class=\"frymo-icon frymo-icon-flaeche\"><\/i><div class=\"frymo-listing-meta-item-value\">100 m\u00b2<\/div><\/span><span class=\"frymo-listing-meta-item frymo-listing-bedrooms \" data-frymo-tooltip=\"Schlafzimmer\"><i class=\"frymo-icon frymo-icon-betten\"><\/i><div class=\"frymo-listing-meta-item-value\">3<\/div><\/span><span class=\"frymo-listing-meta-item frymo-listing-rooms \" data-frymo-tooltip=\"Zimmer\"><i class=\"frymo-icon frymo-icon-raum\"><\/i><div class=\"frymo-listing-meta-item-value\">4<\/div><\/span><span class=\"frymo-listing-meta-item frymo-listing-bathrooms \" data-frymo-tooltip=\"Badezimmer\"><i class=\"frymo-icon frymo-icon-bad\"><\/i><div class=\"frymo-listing-meta-item-value\">1<\/div><\/span><\/div><\/div><\/article><article class=\"frymo-listing-item post-id-4045\"><a class=\"frymo-listing-image image-hover\" href=\"https:\/\/belvil.immo\/fr\/immobilie\/appartement-neuf-a-vendre-13\/\" aria-label=\"Appartement neuf \u00e0 vendre\"><div class=\"frymo-listing-badges\"><div class=\"frymo-listing-badge badge-status badge-verkauft\">Verkauft<\/div><\/div><div class=\"frymo-listing-image-wrapper\"><img loading=\"lazy\" width=\"768\" height=\"410\" src=\"https:\/\/belvil.immo\/wp-content\/uploads\/2025\/10\/fc79c76c-98d5-4e17-ae54-b7c9392f58ea-1-768x410.jpg\" class=\"attachment-medium_large size-medium_large wp-post-image\" alt=\"facade lot 2\" loading=\"lazy\" decoding=\"async\" srcset=\"https:\/\/belvil.immo\/wp-content\/uploads\/2025\/10\/fc79c76c-98d5-4e17-ae54-b7c9392f58ea-1-768x410.jpg 768w, https:\/\/belvil.immo\/wp-content\/uploads\/2025\/10\/fc79c76c-98d5-4e17-ae54-b7c9392f58ea-1-300x160.jpg 300w, https:\/\/belvil.immo\/wp-content\/uploads\/2025\/10\/fc79c76c-98d5-4e17-ae54-b7c9392f58ea-1-1024x547.jpg 1024w, https:\/\/belvil.immo\/wp-content\/uploads\/2025\/10\/fc79c76c-98d5-4e17-ae54-b7c9392f58ea-1-1536x821.jpg 1536w, https:\/\/belvil.immo\/wp-content\/uploads\/2025\/10\/fc79c76c-98d5-4e17-ae54-b7c9392f58ea-1-18x10.jpg 18w, https:\/\/belvil.immo\/wp-content\/uploads\/2025\/10\/fc79c76c-98d5-4e17-ae54-b7c9392f58ea-1.jpg 1563w\" sizes=\"auto, (max-width: 768px) 100vw, 768px\" \/><\/div><\/a><div class=\"frymo-listing-content\"><h3 class='frymo-listing-title'><a href=\"https:\/\/belvil.immo\/fr\/immobilie\/appartement-neuf-a-vendre-13\/\" aria-label=\"Appartement neuf \u00e0 vendre\">Appartement neuf \u00e0 vendre<\/a><\/h3><div class=\"frymo-listing-location\"><i class=\"frymo-icon frymo-icon-location-2\"><\/i>Lontzen<\/div><div class=\"frymo-listing-meta\"><span class=\"frymo-listing-meta-item frymo-listing-area \" data-frymo-tooltip=\"Wohnfl\u00e4che ca.\"><i class=\"frymo-icon frymo-icon-flaeche\"><\/i><div class=\"frymo-listing-meta-item-value\">64 m\u00b2<\/div><\/span><span class=\"frymo-listing-meta-item frymo-listing-bedrooms \" data-frymo-tooltip=\"Schlafzimmer\"><i class=\"frymo-icon frymo-icon-betten\"><\/i><div class=\"frymo-listing-meta-item-value\">1<\/div><\/span><span class=\"frymo-listing-meta-item frymo-listing-rooms \" data-frymo-tooltip=\"Zimmer\"><i class=\"frymo-icon frymo-icon-raum\"><\/i><div class=\"frymo-listing-meta-item-value\">2<\/div><\/span><span class=\"frymo-listing-meta-item frymo-listing-bathrooms \" data-frymo-tooltip=\"Badezimmer\"><i class=\"frymo-icon frymo-icon-bad\"><\/i><div class=\"frymo-listing-meta-item-value\">1<\/div><\/span><\/div><\/div><\/article><\/div><div class=\"wp-pagenavi manual apply-type-ajax\">\n<span class=\"current\">1<\/span> <a href=\"https:\/\/belvil.immo\/fr\/?post_type=frymo_queries&#038;p=2552\/2\/\" data-page=\"2\">2<\/a> <a href=\"https:\/\/belvil.immo\/fr\/?post_type=frymo_queries&#038;p=2552\/3\/\" data-page=\"3\">3<\/a> <a href=\"https:\/\/belvil.immo\/fr\/?post_type=frymo_queries&#038;p=2552\/2\/\" class=\"next\" data-page=\"2\">Next \u00bb<\/a> <\/div>\n\t\t<script>\n\t\t\t(function() {\n\t\t\t\t\/\/ Get the query string, including the \"?\" at the beginning\n\t\t\t\tvar params = window.location.search;\n\n\t\t\t\t\/\/ Select all <a> elements inside elements with the classes .wp-pagenavi.apply-type-reload\n\t\t\t\tvar anchors = document.querySelectorAll('.wp-pagenavi.apply-type-reload a');\n\n\t\t\t\t\/\/ Loop through each anchor and update its href attribute\n\t\t\t\tanchors.forEach(function(anchor) {\n\t\t\t\t\tvar currentHref = anchor.getAttribute('href');\n\t\t\t\t\tanchor.setAttribute('href', currentHref + params);\n\t\t\t\t});\n\t\t\t})();\n\t\t<\/script>\n\t\t\t\t\t\t<\/div>\n\t\t\t\t<\/div>\n\t\t\t\t\t<\/div>\n\t\t\t\t<\/div>\n\t\t\t\t<\/div>\n\t\t","protected":false},"excerpt":{"rendered":"<p>Referenzen Home REFERENZEN Werfen Sie einen Blick auf die von uns bereits erfolgreich vermittelten Immobilien: Zeige 1 bis 12 von 32 ImmobilienVoreingestellte SortierungPreis (aufsteigend)Preis (absteigend)Zimmer (aufsteigend)Zimmer (absteigend)Fl\u00e4che (aufsteigend)Fl\u00e4che (absteigend)Externe ID (aufsteigend)Externe ID (absteigend)Interne ID (aufsteigend)Interne ID (absteigend)Ver\u00f6ffentlichungsdatum (aufsteigend)Ver\u00f6ffentlichungsdatum (absteigend)Daten aktualisiert (aufsteigend)Daten aktualisiert (absteigend) Verkauft Ein doppelhaus in ruhiger Lage, nahe dem Zentrum von B\u00fctgenbach zu [&hellip;]<\/p>\n","protected":false},"author":1,"featured_media":0,"parent":0,"menu_order":0,"comment_status":"closed","ping_status":"closed","template":"","meta":{"_acf_changed":false,"footnotes":""},"class_list":["post-1950","page","type-page","status-publish","hentry"],"acf":[],"_links":{"self":[{"href":"https:\/\/belvil.immo\/fr\/wp-json\/wp\/v2\/pages\/1950","targetHints":{"allow":["GET"]}}],"collection":[{"href":"https:\/\/belvil.immo\/fr\/wp-json\/wp\/v2\/pages"}],"about":[{"href":"https:\/\/belvil.immo\/fr\/wp-json\/wp\/v2\/types\/page"}],"author":[{"embeddable":true,"href":"https:\/\/belvil.immo\/fr\/wp-json\/wp\/v2\/users\/1"}],"replies":[{"embeddable":true,"href":"https:\/\/belvil.immo\/fr\/wp-json\/wp\/v2\/comments?post=1950"}],"version-history":[{"count":16,"href":"https:\/\/belvil.immo\/fr\/wp-json\/wp\/v2\/pages\/1950\/revisions"}],"predecessor-version":[{"id":7477,"href":"https:\/\/belvil.immo\/fr\/wp-json\/wp\/v2\/pages\/1950\/revisions\/7477"}],"wp:attachment":[{"href":"https:\/\/belvil.immo\/fr\/wp-json\/wp\/v2\/media?parent=1950"}],"curies":[{"name":"wp","href":"https:\/\/api.w.org\/{rel}","templated":true}]}}